{"id":1566,"date":"2022-02-19T20:45:04","date_gmt":"2022-02-19T20:45:04","guid":{"rendered":"https:\/\/szel-pasztorkerteszet.hu\/?post_type=product&#038;p=1566"},"modified":"2026-06-16T13:21:17","modified_gmt":"2026-06-16T13:21:17","slug":"paeonia-lactiflora-duchesse-de-nemours-lagyszaru-bazsarozsa-feher-telt","status":"publish","type":"product","link":"https:\/\/szel-pasztorkerteszet.hu\/?product=paeonia-lactiflora-duchesse-de-nemours-lagyszaru-bazsarozsa-feher-telt","title":{"rendered":"Paeonia lactiflora &#8216;Duchesse de Nemours&#8217;\/ L\u00e1gysz\u00e1r\u00fa bazsar\u00f3zsa, feh\u00e9r telt"},"content":{"rendered":"<p>Paeonia lactiflora &#8216;Duchesse de Nemours&#8217;- L\u00e1gysz\u00e1r\u00fa bazsar\u00f3zsa<\/p>\n<p>Rendk\u00edv\u00fcl l\u00e1tv\u00e1nyos vir\u00e1gz\u00e1s\u00fa l\u00e1gysz\u00e1r\u00fa bazsar\u00f3zsa. Gy\u00f6ny\u00f6r\u0171 vir\u00e1gai m\u00e1jus- j\u00faniusban b\u0151s\u00e9gesen ny\u00edlnak. Kb 80-100 cm magas, er\u0151teljes bokor lesz. Lev\u00e9lzete \u0151sszel els\u00e1rgul, a n\u00f6v\u00e9ny vissza h\u00faz\u00f3dik t\u00e9lire. Igaz\u00e1n sz\u00e9p, napos, t\u00e1pd\u00fas talajon lesz, de \u00e1rny\u00e9kosabb, sz\u00e1razabb r\u00e9szeket is elvisel, a l\u00e9nyeg, hogy legyen el\u00e9g helye terjeszkedni. Kert\u00fcnk, vir\u00e1g\u00e1gy\u00e1sunk k\u00f6zponti r\u00e9sz\u00e9re \u00fcltess\u00fck. Nagyon hossz\u00fa \u00e9lettartam\u00fa n\u00f6v\u00e9ny, vir\u00e1gai v\u00e1gott vir\u00e1gk\u00e9nt is kedveltek.<\/p>\n<p>A term\u00e9ket 3 Literes cser\u00e9pben sz\u00e1ll\u00edtjuk!<\/p>\n","protected":false},"excerpt":{"rendered":"<p><strong>\u00c1prilis 15-t\u0151l rendelhet\u0151!<\/strong><\/p>\n","protected":false},"featured_media":1395,"comment_status":"open","ping_status":"closed","template":"","meta":{"_monsterinsights_skip_tracking":false,"_monsterinsights_sitenote_active":false,"_monsterinsights_sitenote_note":"","_monsterinsights_sitenote_category":0},"product_brand":[],"product_cat":[21],"product_tag":[99,64,101],"class_list":["post-1566","product","type-product","status-publish","has-post-thumbnail","product_cat-evelo-novenyek","product_tag-bazsarozsa","product_tag-feher","product_tag-telt","first","outofstock","taxable","shipping-taxable","purchasable","product-type-simple"],"aioseo_notices":[],"aioseo_head":"\n\t\t<!-- All in One SEO 5.0.1 - aioseo.com -->\n\t<meta name=\"description\" content=\"\u00c1prilis 15-t\u0151l rendelhet\u0151!\" \/>\n\t<meta name=\"robots\" content=\"max-image-preview:large\" \/>\n\t<link rel=\"canonical\" href=\"https:\/\/szel-pasztorkerteszet.hu\/?product=paeonia-lactiflora-duchesse-de-nemours-lagyszaru-bazsarozsa-feher-telt\" \/>\n\t<meta name=\"generator\" content=\"All in One SEO (AIOSEO) 5.0.1\" \/>\n\t\t<meta property=\"og:locale\" content=\"hu_HU\" \/>\n\t\t<meta property=\"og:site_name\" content=\"Sz\u00e9l &amp; P\u00e1sztor kert\u00e9szet\" \/>\n\t\t<meta property=\"og:type\" content=\"article\" \/>\n\t\t<meta property=\"og:title\" content=\"Paeonia lactiflora \u2018Duchesse de Nemours\u2019\/ L\u00e1gysz\u00e1r\u00fa bazsar\u00f3zsa, feh\u00e9r telt - Sz\u00e9l &amp; P\u00e1sztor kert\u00e9szet\" \/>\n\t\t<meta property=\"og:description\" content=\"\u00c1prilis 15-t\u0151l rendelhet\u0151!\" \/>\n\t\t<meta property=\"og:url\" content=\"https:\/\/szel-pasztorkerteszet.hu\/?product=paeonia-lactiflora-duchesse-de-nemours-lagyszaru-bazsarozsa-feher-telt\" \/>\n\t\t<meta property=\"og:image\" content=\"https:\/\/szel-pasztorkerteszet.hu\/wp-content\/uploads\/2022\/02\/Paeonia-lactiflora-Duchesse-de-Nemours-1.jpg\" \/>\n\t\t<meta property=\"og:image:secure_url\" content=\"https:\/\/szel-pasztorkerteszet.hu\/wp-content\/uploads\/2022\/02\/Paeonia-lactiflora-Duchesse-de-Nemours-1.jpg\" \/>\n\t\t<meta property=\"og:image:width\" content=\"1431\" \/>\n\t\t<meta property=\"og:image:height\" content=\"1423\" \/>\n\t\t<meta property=\"article:published_time\" content=\"2022-02-19T20:45:04+00:00\" \/>\n\t\t<meta property=\"article:modified_time\" content=\"2026-06-16T13:21:17+00:00\" \/>\n\t\t<meta property=\"article:publisher\" content=\"https:\/\/www.facebook.com\/szel.pasztor.kerteszet\/\" \/>\n\t\t<meta name=\"twitter:card\" content=\"summary_large_image\" \/>\n\t\t<meta name=\"twitter:title\" content=\"Paeonia lactiflora \u2018Duchesse de Nemours\u2019\/ L\u00e1gysz\u00e1r\u00fa bazsar\u00f3zsa, feh\u00e9r telt - Sz\u00e9l &amp; P\u00e1sztor kert\u00e9szet\" \/>\n\t\t<meta name=\"twitter:description\" content=\"\u00c1prilis 15-t\u0151l rendelhet\u0151!\" \/>\n\t\t<meta name=\"twitter:image\" content=\"https:\/\/szel-pasztorkerteszet.hu\/wp-content\/uploads\/2022\/02\/Paeonia-lactiflora-Duchesse-de-Nemours-1.jpg\" \/>\n\t\t<meta name=\"twitter:label1\" content=\"Est. reading time\" \/>\n\t\t<meta name=\"twitter:data1\" content=\"1 minute\" \/>\n\t\t<script type=\"application\/ld+json\" class=\"aioseo-schema\">\n\t\t\t{\"@context\":\"https:\\\/\\\/schema.org\",\"@graph\":[{\"@type\":\"BreadcrumbList\",\"@id\":\"https:\\\/\\\/szel-pasztorkerteszet.hu\\\/?product=paeonia-lactiflora-duchesse-de-nemours-lagyszaru-bazsarozsa-feher-telt#breadcrumblist\",\"itemListElement\":[{\"@type\":\"ListItem\",\"@id\":\"https:\\\/\\\/szel-pasztorkerteszet.hu#listItem\",\"position\":1,\"name\":\"Home\",\"item\":\"https:\\\/\\\/szel-pasztorkerteszet.hu\",\"nextItem\":{\"@type\":\"ListItem\",\"@id\":\"https:\\\/\\\/szel-pasztorkerteszet.hu\\\/?page_id=53#listItem\",\"name\":\"\\u00dczlet\"}},{\"@type\":\"ListItem\",\"@id\":\"https:\\\/\\\/szel-pasztorkerteszet.hu\\\/?page_id=53#listItem\",\"position\":2,\"name\":\"\\u00dczlet\",\"item\":\"https:\\\/\\\/szel-pasztorkerteszet.hu\\\/?page_id=53\",\"nextItem\":{\"@type\":\"ListItem\",\"@id\":\"https:\\\/\\\/szel-pasztorkerteszet.hu\\\/?product_cat=evelo-novenyek#listItem\",\"name\":\"\\u00c9vel\\u0151 n\\u00f6v\\u00e9nyek\"},\"previousItem\":{\"@type\":\"ListItem\",\"@id\":\"https:\\\/\\\/szel-pasztorkerteszet.hu#listItem\",\"name\":\"Home\"}},{\"@type\":\"ListItem\",\"@id\":\"https:\\\/\\\/szel-pasztorkerteszet.hu\\\/?product_cat=evelo-novenyek#listItem\",\"position\":3,\"name\":\"\\u00c9vel\\u0151 n\\u00f6v\\u00e9nyek\",\"item\":\"https:\\\/\\\/szel-pasztorkerteszet.hu\\\/?product_cat=evelo-novenyek\",\"nextItem\":{\"@type\":\"ListItem\",\"@id\":\"https:\\\/\\\/szel-pasztorkerteszet.hu\\\/?product=paeonia-lactiflora-duchesse-de-nemours-lagyszaru-bazsarozsa-feher-telt#listItem\",\"name\":\"Paeonia lactiflora &#8216;Duchesse de Nemours&#8217;\\\/ L\\u00e1gysz\\u00e1r\\u00fa bazsar\\u00f3zsa, feh\\u00e9r telt\"},\"previousItem\":{\"@type\":\"ListItem\",\"@id\":\"https:\\\/\\\/szel-pasztorkerteszet.hu\\\/?page_id=53#listItem\",\"name\":\"\\u00dczlet\"}},{\"@type\":\"ListItem\",\"@id\":\"https:\\\/\\\/szel-pasztorkerteszet.hu\\\/?product=paeonia-lactiflora-duchesse-de-nemours-lagyszaru-bazsarozsa-feher-telt#listItem\",\"position\":4,\"name\":\"Paeonia lactiflora &#8216;Duchesse de Nemours&#8217;\\\/ L\\u00e1gysz\\u00e1r\\u00fa bazsar\\u00f3zsa, feh\\u00e9r telt\",\"previousItem\":{\"@type\":\"ListItem\",\"@id\":\"https:\\\/\\\/szel-pasztorkerteszet.hu\\\/?product_cat=evelo-novenyek#listItem\",\"name\":\"\\u00c9vel\\u0151 n\\u00f6v\\u00e9nyek\"}}]},{\"@type\":\"Organization\",\"@id\":\"https:\\\/\\\/szel-pasztorkerteszet.hu\\\/#organization\",\"name\":\"Sz\\u00e9l & P\\u00e1sztor Kert\\u00e9szet - Pell\\u00e9rd\",\"description\":\"N\\u00f6v\\u00e9nyek \\u00e9s kert\\u00e9szeti term\\u00e9kek\",\"url\":\"https:\\\/\\\/szel-pasztorkerteszet.hu\\\/\",\"telephone\":\"+36204296111\",\"logo\":{\"@type\":\"ImageObject\",\"url\":\"https:\\\/\\\/szel-pasztorkerteszet.hu\\\/wp-content\\\/uploads\\\/2022\\\/03\\\/Szel-Pasztor-logo-02.jpg\",\"@id\":\"https:\\\/\\\/szel-pasztorkerteszet.hu\\\/?product=paeonia-lactiflora-duchesse-de-nemours-lagyszaru-bazsarozsa-feher-telt\\\/#organizationLogo\",\"width\":1431,\"height\":1423},\"image\":{\"@id\":\"https:\\\/\\\/szel-pasztorkerteszet.hu\\\/?product=paeonia-lactiflora-duchesse-de-nemours-lagyszaru-bazsarozsa-feher-telt\\\/#organizationLogo\"},\"sameAs\":[\"https:\\\/\\\/www.facebook.com\\\/szel.pasztor.kerteszet\\\/\"]},{\"@type\":\"WebPage\",\"@id\":\"https:\\\/\\\/szel-pasztorkerteszet.hu\\\/?product=paeonia-lactiflora-duchesse-de-nemours-lagyszaru-bazsarozsa-feher-telt#webpage\",\"url\":\"https:\\\/\\\/szel-pasztorkerteszet.hu\\\/?product=paeonia-lactiflora-duchesse-de-nemours-lagyszaru-bazsarozsa-feher-telt\",\"name\":\"Paeonia lactiflora \\u2018Duchesse de Nemours\\u2019\\\/ L\\u00e1gysz\\u00e1r\\u00fa bazsar\\u00f3zsa, feh\\u00e9r telt - Sz\\u00e9l & P\\u00e1sztor kert\\u00e9szet\",\"description\":\"\\u00c1prilis 15-t\\u0151l rendelhet\\u0151!\",\"inLanguage\":\"hu-HU\",\"isPartOf\":{\"@id\":\"https:\\\/\\\/szel-pasztorkerteszet.hu\\\/#website\"},\"breadcrumb\":{\"@id\":\"https:\\\/\\\/szel-pasztorkerteszet.hu\\\/?product=paeonia-lactiflora-duchesse-de-nemours-lagyszaru-bazsarozsa-feher-telt#breadcrumblist\"},\"image\":{\"@type\":\"ImageObject\",\"url\":\"https:\\\/\\\/szel-pasztorkerteszet.hu\\\/wp-content\\\/uploads\\\/2022\\\/02\\\/Paeonia-lactiflora-Duchesse-de-Nemours-1.jpg\",\"@id\":\"https:\\\/\\\/szel-pasztorkerteszet.hu\\\/?product=paeonia-lactiflora-duchesse-de-nemours-lagyszaru-bazsarozsa-feher-telt\\\/#mainImage\",\"width\":720,\"height\":615},\"primaryImageOfPage\":{\"@id\":\"https:\\\/\\\/szel-pasztorkerteszet.hu\\\/?product=paeonia-lactiflora-duchesse-de-nemours-lagyszaru-bazsarozsa-feher-telt#mainImage\"},\"datePublished\":\"2022-02-19T20:45:04+00:00\",\"dateModified\":\"2026-06-16T13:21:17+00:00\"},{\"@type\":\"WebSite\",\"@id\":\"https:\\\/\\\/szel-pasztorkerteszet.hu\\\/#website\",\"url\":\"https:\\\/\\\/szel-pasztorkerteszet.hu\\\/\",\"name\":\"Sz\\u00e9l & P\\u00e1sztor Kert\\u00e9szet\",\"description\":\"N\\u00f6v\\u00e9nyek \\u00e9s kert\\u00e9szeti term\\u00e9kek\",\"inLanguage\":\"hu-HU\",\"publisher\":{\"@id\":\"https:\\\/\\\/szel-pasztorkerteszet.hu\\\/#organization\"}}]}\n\t\t<\/script>\n\t\t<!-- All in One SEO -->\n\n","aioseo_head_json":{"title":"Paeonia lactiflora \u2018Duchesse de Nemours\u2019\/ L\u00e1gysz\u00e1r\u00fa bazsar\u00f3zsa, feh\u00e9r telt - Sz\u00e9l & P\u00e1sztor kert\u00e9szet","description":"\u00c1prilis 15-t\u0151l rendelhet\u0151!","canonical_url":"https:\/\/szel-pasztorkerteszet.hu\/?product=paeonia-lactiflora-duchesse-de-nemours-lagyszaru-bazsarozsa-feher-telt","robots":"max-image-preview:large","keywords":"","webmasterTools":{"miscellaneous":""},"schema":{"@context":"https:\/\/schema.org","@graph":[{"@type":"BreadcrumbList","@id":"https:\/\/szel-pasztorkerteszet.hu\/?product=paeonia-lactiflora-duchesse-de-nemours-lagyszaru-bazsarozsa-feher-telt#breadcrumblist","itemListElement":[{"@type":"ListItem","@id":"https:\/\/szel-pasztorkerteszet.hu#listItem","position":1,"name":"Home","item":"https:\/\/szel-pasztorkerteszet.hu","nextItem":{"@type":"ListItem","@id":"https:\/\/szel-pasztorkerteszet.hu\/?page_id=53#listItem","name":"\u00dczlet"}},{"@type":"ListItem","@id":"https:\/\/szel-pasztorkerteszet.hu\/?page_id=53#listItem","position":2,"name":"\u00dczlet","item":"https:\/\/szel-pasztorkerteszet.hu\/?page_id=53","nextItem":{"@type":"ListItem","@id":"https:\/\/szel-pasztorkerteszet.hu\/?product_cat=evelo-novenyek#listItem","name":"\u00c9vel\u0151 n\u00f6v\u00e9nyek"},"previousItem":{"@type":"ListItem","@id":"https:\/\/szel-pasztorkerteszet.hu#listItem","name":"Home"}},{"@type":"ListItem","@id":"https:\/\/szel-pasztorkerteszet.hu\/?product_cat=evelo-novenyek#listItem","position":3,"name":"\u00c9vel\u0151 n\u00f6v\u00e9nyek","item":"https:\/\/szel-pasztorkerteszet.hu\/?product_cat=evelo-novenyek","nextItem":{"@type":"ListItem","@id":"https:\/\/szel-pasztorkerteszet.hu\/?product=paeonia-lactiflora-duchesse-de-nemours-lagyszaru-bazsarozsa-feher-telt#listItem","name":"Paeonia lactiflora &#8216;Duchesse de Nemours&#8217;\/ L\u00e1gysz\u00e1r\u00fa bazsar\u00f3zsa, feh\u00e9r telt"},"previousItem":{"@type":"ListItem","@id":"https:\/\/szel-pasztorkerteszet.hu\/?page_id=53#listItem","name":"\u00dczlet"}},{"@type":"ListItem","@id":"https:\/\/szel-pasztorkerteszet.hu\/?product=paeonia-lactiflora-duchesse-de-nemours-lagyszaru-bazsarozsa-feher-telt#listItem","position":4,"name":"Paeonia lactiflora &#8216;Duchesse de Nemours&#8217;\/ L\u00e1gysz\u00e1r\u00fa bazsar\u00f3zsa, feh\u00e9r telt","previousItem":{"@type":"ListItem","@id":"https:\/\/szel-pasztorkerteszet.hu\/?product_cat=evelo-novenyek#listItem","name":"\u00c9vel\u0151 n\u00f6v\u00e9nyek"}}]},{"@type":"Organization","@id":"https:\/\/szel-pasztorkerteszet.hu\/#organization","name":"Sz\u00e9l & P\u00e1sztor Kert\u00e9szet - Pell\u00e9rd","description":"N\u00f6v\u00e9nyek \u00e9s kert\u00e9szeti term\u00e9kek","url":"https:\/\/szel-pasztorkerteszet.hu\/","telephone":"+36204296111","logo":{"@type":"ImageObject","url":"https:\/\/szel-pasztorkerteszet.hu\/wp-content\/uploads\/2022\/03\/Szel-Pasztor-logo-02.jpg","@id":"https:\/\/szel-pasztorkerteszet.hu\/?product=paeonia-lactiflora-duchesse-de-nemours-lagyszaru-bazsarozsa-feher-telt\/#organizationLogo","width":1431,"height":1423},"image":{"@id":"https:\/\/szel-pasztorkerteszet.hu\/?product=paeonia-lactiflora-duchesse-de-nemours-lagyszaru-bazsarozsa-feher-telt\/#organizationLogo"},"sameAs":["https:\/\/www.facebook.com\/szel.pasztor.kerteszet\/"]},{"@type":"WebPage","@id":"https:\/\/szel-pasztorkerteszet.hu\/?product=paeonia-lactiflora-duchesse-de-nemours-lagyszaru-bazsarozsa-feher-telt#webpage","url":"https:\/\/szel-pasztorkerteszet.hu\/?product=paeonia-lactiflora-duchesse-de-nemours-lagyszaru-bazsarozsa-feher-telt","name":"Paeonia lactiflora \u2018Duchesse de Nemours\u2019\/ L\u00e1gysz\u00e1r\u00fa bazsar\u00f3zsa, feh\u00e9r telt - Sz\u00e9l & P\u00e1sztor kert\u00e9szet","description":"\u00c1prilis 15-t\u0151l rendelhet\u0151!","inLanguage":"hu-HU","isPartOf":{"@id":"https:\/\/szel-pasztorkerteszet.hu\/#website"},"breadcrumb":{"@id":"https:\/\/szel-pasztorkerteszet.hu\/?product=paeonia-lactiflora-duchesse-de-nemours-lagyszaru-bazsarozsa-feher-telt#breadcrumblist"},"image":{"@type":"ImageObject","url":"https:\/\/szel-pasztorkerteszet.hu\/wp-content\/uploads\/2022\/02\/Paeonia-lactiflora-Duchesse-de-Nemours-1.jpg","@id":"https:\/\/szel-pasztorkerteszet.hu\/?product=paeonia-lactiflora-duchesse-de-nemours-lagyszaru-bazsarozsa-feher-telt\/#mainImage","width":720,"height":615},"primaryImageOfPage":{"@id":"https:\/\/szel-pasztorkerteszet.hu\/?product=paeonia-lactiflora-duchesse-de-nemours-lagyszaru-bazsarozsa-feher-telt#mainImage"},"datePublished":"2022-02-19T20:45:04+00:00","dateModified":"2026-06-16T13:21:17+00:00"},{"@type":"WebSite","@id":"https:\/\/szel-pasztorkerteszet.hu\/#website","url":"https:\/\/szel-pasztorkerteszet.hu\/","name":"Sz\u00e9l & P\u00e1sztor Kert\u00e9szet","description":"N\u00f6v\u00e9nyek \u00e9s kert\u00e9szeti term\u00e9kek","inLanguage":"hu-HU","publisher":{"@id":"https:\/\/szel-pasztorkerteszet.hu\/#organization"}}]},"og:locale":"hu_HU","og:site_name":"Sz\u00e9l &amp; P\u00e1sztor kert\u00e9szet","og:type":"article","og:title":"Paeonia lactiflora \u2018Duchesse de Nemours\u2019\/ L\u00e1gysz\u00e1r\u00fa bazsar\u00f3zsa, feh\u00e9r telt - Sz\u00e9l &amp; P\u00e1sztor kert\u00e9szet","og:description":"\u00c1prilis 15-t\u0151l rendelhet\u0151!","og:url":"https:\/\/szel-pasztorkerteszet.hu\/?product=paeonia-lactiflora-duchesse-de-nemours-lagyszaru-bazsarozsa-feher-telt","og:image":"https:\/\/szel-pasztorkerteszet.hu\/wp-content\/uploads\/2022\/02\/Paeonia-lactiflora-Duchesse-de-Nemours-1.jpg","og:image:secure_url":"https:\/\/szel-pasztorkerteszet.hu\/wp-content\/uploads\/2022\/02\/Paeonia-lactiflora-Duchesse-de-Nemours-1.jpg","og:image:width":"1431","og:image:height":"1423","article:published_time":"2022-02-19T20:45:04+00:00","article:modified_time":"2026-06-16T13:21:17+00:00","article:publisher":"https:\/\/www.facebook.com\/szel.pasztor.kerteszet\/","twitter:card":"summary_large_image","twitter:title":"Paeonia lactiflora \u2018Duchesse de Nemours\u2019\/ L\u00e1gysz\u00e1r\u00fa bazsar\u00f3zsa, feh\u00e9r telt - Sz\u00e9l &amp; P\u00e1sztor kert\u00e9szet","twitter:description":"\u00c1prilis 15-t\u0151l rendelhet\u0151!","twitter:image":"https:\/\/szel-pasztorkerteszet.hu\/wp-content\/uploads\/2022\/02\/Paeonia-lactiflora-Duchesse-de-Nemours-1.jpg","twitter:label1":"Est. reading time","twitter:data1":"1 minute"},"aioseo_meta_data":{"post_id":"1566","title":null,"description":null,"keywords":null,"keyphrases":null,"primary_term":null,"canonical_url":null,"og_title":null,"og_description":null,"og_object_type":"default","og_image_type":"featured","og_image_url":"https:\/\/szel-pasztorkerteszet.hu\/wp-content\/uploads\/2022\/02\/Paeonia-lactiflora-Duchesse-de-Nemours-1.jpg","og_image_width":"1431","og_image_height":"1423","og_image_custom_url":null,"og_image_custom_fields":null,"og_video":"","og_custom_url":null,"og_article_section":null,"og_article_tags":null,"twitter_use_og":true,"twitter_card":"default","twitter_image_type":"default","twitter_image_url":null,"twitter_image_custom_url":null,"twitter_image_custom_fields":null,"twitter_title":null,"twitter_description":null,"schema":{"blockGraphs":[],"customGraphs":[],"default":{"data":{"Article":[],"Course":[],"Dataset":[],"FAQPage":[],"Movie":[],"Person":[],"Product":[],"ProductReview":[],"Car":[],"Recipe":[],"Service":[],"SoftwareApplication":[],"WebPage":[]},"graphName":null,"isEnabled":true},"graphs":[]},"schema_type":"default","schema_type_options":null,"pillar_content":false,"robots_default":true,"robots_noindex":false,"robots_noarchive":false,"robots_nosnippet":false,"robots_nofollow":false,"robots_noimageindex":false,"robots_noodp":false,"robots_notranslate":false,"robots_max_snippet":"-1","robots_max_videopreview":"-1","robots_max_imagepreview":"large","priority":null,"frequency":"default","local_seo":null,"limit_modified_date":false,"created":"2022-03-18 18:16:36","updated":"2026-08-31 17:46:01","focus_keyword":null,"additional_keywords":null,"truseo_locale":null,"ai":null,"breadcrumb_settings":null,"seo_analyzer_scan_date":null},"aioseo_breadcrumb":"<div class=\"aioseo-breadcrumbs\"><span class=\"aioseo-breadcrumb\">\n\t\t\t<a href=\"https:\/\/szel-pasztorkerteszet.hu\" title=\"Home\">Home<\/a>\n\t\t<\/span><span class=\"aioseo-breadcrumb-separator\">&raquo;<\/span><span class=\"aioseo-breadcrumb\">\n\t\t\t<a href=\"https:\/\/szel-pasztorkerteszet.hu\/?page_id=53\" title=\"\u00dczlet\">\u00dczlet<\/a>\n\t\t<\/span><span class=\"aioseo-breadcrumb-separator\">&raquo;<\/span><span class=\"aioseo-breadcrumb\">\n\t\t\t<a href=\"https:\/\/szel-pasztorkerteszet.hu\/?product_cat=evelo-novenyek\" title=\"\u00c9vel\u0151 n\u00f6v\u00e9nyek\">\u00c9vel\u0151 n\u00f6v\u00e9nyek<\/a>\n\t\t<\/span><span class=\"aioseo-breadcrumb-separator\">&raquo;<\/span><span class=\"aioseo-breadcrumb\">\n\t\t\tPaeonia lactiflora \u2018Duchesse de Nemours\u2019\/ L\u00e1gysz\u00e1r\u00fa bazsar\u00f3zsa, feh\u00e9r telt\n\t\t<\/span><\/div>","aioseo_breadcrumb_json":[{"label":"Home","link":"https:\/\/szel-pasztorkerteszet.hu"},{"label":"\u00dczlet","link":"https:\/\/szel-pasztorkerteszet.hu\/?page_id=53"},{"label":"\u00c9vel\u0151 n\u00f6v\u00e9nyek","link":"https:\/\/szel-pasztorkerteszet.hu\/?product_cat=evelo-novenyek"},{"label":"Paeonia lactiflora &#8216;Duchesse de Nemours&#8217;\/ L\u00e1gysz\u00e1r\u00fa bazsar\u00f3zsa, feh\u00e9r telt","link":"https:\/\/szel-pasztorkerteszet.hu\/?product=paeonia-lactiflora-duchesse-de-nemours-lagyszaru-bazsarozsa-feher-telt"}],"_links":{"self":[{"href":"https:\/\/szel-pasztorkerteszet.hu\/index.php?rest_route=\/wp\/v2\/product\/1566","targetHints":{"allow":["GET"]}}],"collection":[{"href":"https:\/\/szel-pasztorkerteszet.hu\/index.php?rest_route=\/wp\/v2\/product"}],"about":[{"href":"https:\/\/szel-pasztorkerteszet.hu\/index.php?rest_route=\/wp\/v2\/types\/product"}],"replies":[{"embeddable":true,"href":"https:\/\/szel-pasztorkerteszet.hu\/index.php?rest_route=%2Fwp%2Fv2%2Fcomments&post=1566"}],"wp:featuredmedia":[{"embeddable":true,"href":"https:\/\/szel-pasztorkerteszet.hu\/index.php?rest_route=\/wp\/v2\/media\/1395"}],"wp:attachment":[{"href":"https:\/\/szel-pasztorkerteszet.hu\/index.php?rest_route=%2Fwp%2Fv2%2Fmedia&parent=1566"}],"wp:term":[{"taxonomy":"product_brand","embeddable":true,"href":"https:\/\/szel-pasztorkerteszet.hu\/index.php?rest_route=%2Fwp%2Fv2%2Fproduct_brand&post=1566"},{"taxonomy":"product_cat","embeddable":true,"href":"https:\/\/szel-pasztorkerteszet.hu\/index.php?rest_route=%2Fwp%2Fv2%2Fproduct_cat&post=1566"},{"taxonomy":"product_tag","embeddable":true,"href":"https:\/\/szel-pasztorkerteszet.hu\/index.php?rest_route=%2Fwp%2Fv2%2Fproduct_tag&post=1566"}],"curies":[{"name":"wp","href":"https:\/\/api.w.org\/{rel}","templated":true}]}}