{"id":2129,"date":"2022-02-27T19:13:20","date_gmt":"2022-02-27T19:13:20","guid":{"rendered":"https:\/\/szel-pasztorkerteszet.hu\/?post_type=product&#038;p=2129"},"modified":"2026-06-26T10:50:15","modified_gmt":"2026-06-26T10:50:15","slug":"pennisetum-oriantale-karley-rose-keleti-tollborzfu","status":"publish","type":"product","link":"https:\/\/szel-pasztorkerteszet.hu\/?product=pennisetum-oriantale-karley-rose-keleti-tollborzfu","title":{"rendered":"Pennisetum oriantale &#8216;Pink&#8217;\/ Keleti tollborzf\u0171"},"content":{"rendered":"<p>Pennisetum oriantale &#8216;Pink&#8217;- Keleti tollborzf\u0171<\/p>\n<p style=\"text-align: left;\">50-70 cm magas, kompakt n\u00f6veked\u00e9s\u0171, bokrosod\u00f3, \u00edvesen sz\u00e9thajl\u00f3, l\u00e1gyabb lomb\u00fa d\u00edszf\u0171. Bug\u00e1ja r\u00f3zsasz\u00edn, j\u00faniust\u00f3l- szeptemberig d\u00edsz\u00edti a n\u00f6v\u00e9nyt. Napos, meleg helyre, j\u00f3 v\u00edzelvezet\u00e9s\u0171 talajba \u00fcltess\u00fck.\u00a0 Sz\u00e1raz lombj\u00e1t a fagyok ut\u00e1n tavasszal v\u00e1gjuk vissza. Kiv\u00e1l\u00f3an mutat csoportosan \u00fcltetve, szoliterk\u00e9nt \u00e9s kerti tavak mellett is.<\/p>\n<p>A term\u00e9ket 2L-es kont\u00e9nerben sz\u00e1ll\u00edtjuk!<\/p>\n","protected":false},"excerpt":{"rendered":"<p>Pennisetum oriantale &#8216;Pink&#8217;- Keleti tollborzf\u0171 50-70 cm magas, kompakt n\u00f6veked\u00e9s\u0171, bokrosod\u00f3, \u00edvesen sz\u00e9thajl\u00f3, l\u00e1gyabb lomb\u00fa d\u00edszf\u0171. Bug\u00e1ja r\u00f3zsasz\u00edn, j\u00faniust\u00f3l- szeptemberig d\u00edsz\u00edti a n\u00f6v\u00e9nyt. Napos, meleg helyre, j\u00f3 v\u00edzelvezet\u00e9s\u0171 talajba \u00fcltess\u00fck.\u00a0 Sz\u00e1raz lombj\u00e1t a fagyok ut\u00e1n tavasszal v\u00e1gjuk vissza. Kiv\u00e1l\u00f3an mutat csoportosan \u00fcltetve, szoliterk\u00e9nt \u00e9s kerti tavak mellett is. A term\u00e9ket 2L-es kont\u00e9nerben sz\u00e1ll\u00edtjuk!<\/p>\n","protected":false},"featured_media":2067,"comment_status":"open","ping_status":"closed","template":"","meta":{"_monsterinsights_skip_tracking":false,"_monsterinsights_sitenote_active":false,"_monsterinsights_sitenote_note":"","_monsterinsights_sitenote_category":0},"product_brand":[],"product_cat":[27,21],"product_tag":[262,85,275],"class_list":["post-2129","product","type-product","status-publish","has-post-thumbnail","product_cat-bambuszok-diszfuvek-nadak","product_cat-evelo-novenyek","product_tag-diszfu","product_tag-rozsaszin","product_tag-tollborzfu","first","instock","taxable","shipping-taxable","purchasable","product-type-simple"],"aioseo_notices":[],"aioseo_head":"\n\t\t<!-- All in One SEO 5.0.1 - aioseo.com -->\n\t<meta name=\"description\" content=\"Pennisetum oriantale &#039;Pink&#039;- Keleti tollborzf\u0171 50-70 cm magas, kompakt n\u00f6veked\u00e9s\u0171, bokrosod\u00f3, \u00edvesen sz\u00e9thajl\u00f3, l\u00e1gyabb lomb\u00fa d\u00edszf\u0171. Bug\u00e1ja r\u00f3zsasz\u00edn, j\u00faniust\u00f3l- szeptemberig d\u00edsz\u00edti a n\u00f6v\u00e9nyt. Napos, meleg helyre, j\u00f3 v\u00edzelvezet\u00e9s\u0171 talajba \u00fcltess\u00fck. Sz\u00e1raz lombj\u00e1t a fagyok ut\u00e1n tavasszal v\u00e1gjuk vissza. Kiv\u00e1l\u00f3an mutat csoportosan \u00fcltetve, szoliterk\u00e9nt \u00e9s kerti tavak mellett is. A term\u00e9ket 2L-es kont\u00e9nerben sz\u00e1ll\u00edtjuk!\" \/>\n\t<meta name=\"robots\" content=\"max-image-preview:large\" \/>\n\t<link rel=\"canonical\" href=\"https:\/\/szel-pasztorkerteszet.hu\/?product=pennisetum-oriantale-karley-rose-keleti-tollborzfu\" \/>\n\t<meta name=\"generator\" content=\"All in One SEO (AIOSEO) 5.0.1\" \/>\n\t\t<meta property=\"og:locale\" content=\"hu_HU\" \/>\n\t\t<meta property=\"og:site_name\" content=\"Sz\u00e9l &amp; P\u00e1sztor kert\u00e9szet\" \/>\n\t\t<meta property=\"og:type\" content=\"article\" \/>\n\t\t<meta property=\"og:title\" content=\"Pennisetum oriantale \u2018Pink\u2019\/ Keleti tollborzf\u0171 - Sz\u00e9l &amp; P\u00e1sztor kert\u00e9szet\" \/>\n\t\t<meta property=\"og:description\" content=\"Pennisetum oriantale &#039;Pink&#039;- Keleti tollborzf\u0171 50-70 cm magas, kompakt n\u00f6veked\u00e9s\u0171, bokrosod\u00f3, \u00edvesen sz\u00e9thajl\u00f3, l\u00e1gyabb lomb\u00fa d\u00edszf\u0171. Bug\u00e1ja r\u00f3zsasz\u00edn, j\u00faniust\u00f3l- szeptemberig d\u00edsz\u00edti a n\u00f6v\u00e9nyt. Napos, meleg helyre, j\u00f3 v\u00edzelvezet\u00e9s\u0171 talajba \u00fcltess\u00fck. Sz\u00e1raz lombj\u00e1t a fagyok ut\u00e1n tavasszal v\u00e1gjuk vissza. Kiv\u00e1l\u00f3an mutat csoportosan \u00fcltetve, szoliterk\u00e9nt \u00e9s kerti tavak mellett is. A term\u00e9ket 2L-es kont\u00e9nerben sz\u00e1ll\u00edtjuk!\" \/>\n\t\t<meta property=\"og:url\" content=\"https:\/\/szel-pasztorkerteszet.hu\/?product=pennisetum-oriantale-karley-rose-keleti-tollborzfu\" \/>\n\t\t<meta property=\"og:image\" content=\"https:\/\/szel-pasztorkerteszet.hu\/wp-content\/uploads\/2022\/02\/Pennisetum-karley-rose.jpg\" \/>\n\t\t<meta property=\"og:image:secure_url\" content=\"https:\/\/szel-pasztorkerteszet.hu\/wp-content\/uploads\/2022\/02\/Pennisetum-karley-rose.jpg\" \/>\n\t\t<meta property=\"og:image:width\" content=\"716\" \/>\n\t\t<meta property=\"og:image:height\" content=\"812\" \/>\n\t\t<meta property=\"article:published_time\" content=\"2022-02-27T19:13:20+00:00\" \/>\n\t\t<meta property=\"article:modified_time\" content=\"2026-06-26T10:50:15+00:00\" \/>\n\t\t<meta property=\"article:publisher\" content=\"https:\/\/www.facebook.com\/szel.pasztor.kerteszet\/\" \/>\n\t\t<meta name=\"twitter:card\" content=\"summary_large_image\" \/>\n\t\t<meta name=\"twitter:title\" content=\"Pennisetum oriantale \u2018Pink\u2019\/ Keleti tollborzf\u0171 - Sz\u00e9l &amp; P\u00e1sztor kert\u00e9szet\" \/>\n\t\t<meta name=\"twitter:description\" content=\"Pennisetum oriantale &#039;Pink&#039;- Keleti tollborzf\u0171 50-70 cm magas, kompakt n\u00f6veked\u00e9s\u0171, bokrosod\u00f3, \u00edvesen sz\u00e9thajl\u00f3, l\u00e1gyabb lomb\u00fa d\u00edszf\u0171. Bug\u00e1ja r\u00f3zsasz\u00edn, j\u00faniust\u00f3l- szeptemberig d\u00edsz\u00edti a n\u00f6v\u00e9nyt. Napos, meleg helyre, j\u00f3 v\u00edzelvezet\u00e9s\u0171 talajba \u00fcltess\u00fck. Sz\u00e1raz lombj\u00e1t a fagyok ut\u00e1n tavasszal v\u00e1gjuk vissza. Kiv\u00e1l\u00f3an mutat csoportosan \u00fcltetve, szoliterk\u00e9nt \u00e9s kerti tavak mellett is. A term\u00e9ket 2L-es kont\u00e9nerben sz\u00e1ll\u00edtjuk!\" \/>\n\t\t<meta name=\"twitter:image\" content=\"https:\/\/szel-pasztorkerteszet.hu\/wp-content\/uploads\/2022\/02\/Pennisetum-karley-rose.jpg\" \/>\n\t\t<script type=\"application\/ld+json\" class=\"aioseo-schema\">\n\t\t\t{\"@context\":\"https:\\\/\\\/schema.org\",\"@graph\":[{\"@type\":\"BreadcrumbList\",\"@id\":\"https:\\\/\\\/szel-pasztorkerteszet.hu\\\/?product=pennisetum-oriantale-karley-rose-keleti-tollborzfu#breadcrumblist\",\"itemListElement\":[{\"@type\":\"ListItem\",\"@id\":\"https:\\\/\\\/szel-pasztorkerteszet.hu#listItem\",\"position\":1,\"name\":\"Home\",\"item\":\"https:\\\/\\\/szel-pasztorkerteszet.hu\",\"nextItem\":{\"@type\":\"ListItem\",\"@id\":\"https:\\\/\\\/szel-pasztorkerteszet.hu\\\/?page_id=53#listItem\",\"name\":\"\\u00dczlet\"}},{\"@type\":\"ListItem\",\"@id\":\"https:\\\/\\\/szel-pasztorkerteszet.hu\\\/?page_id=53#listItem\",\"position\":2,\"name\":\"\\u00dczlet\",\"item\":\"https:\\\/\\\/szel-pasztorkerteszet.hu\\\/?page_id=53\",\"nextItem\":{\"@type\":\"ListItem\",\"@id\":\"https:\\\/\\\/szel-pasztorkerteszet.hu\\\/?product_cat=evelo-novenyek#listItem\",\"name\":\"\\u00c9vel\\u0151 n\\u00f6v\\u00e9nyek\"},\"previousItem\":{\"@type\":\"ListItem\",\"@id\":\"https:\\\/\\\/szel-pasztorkerteszet.hu#listItem\",\"name\":\"Home\"}},{\"@type\":\"ListItem\",\"@id\":\"https:\\\/\\\/szel-pasztorkerteszet.hu\\\/?product_cat=evelo-novenyek#listItem\",\"position\":3,\"name\":\"\\u00c9vel\\u0151 n\\u00f6v\\u00e9nyek\",\"item\":\"https:\\\/\\\/szel-pasztorkerteszet.hu\\\/?product_cat=evelo-novenyek\",\"nextItem\":{\"@type\":\"ListItem\",\"@id\":\"https:\\\/\\\/szel-pasztorkerteszet.hu\\\/?product=pennisetum-oriantale-karley-rose-keleti-tollborzfu#listItem\",\"name\":\"Pennisetum oriantale &#8216;Pink&#8217;\\\/ Keleti tollborzf\\u0171\"},\"previousItem\":{\"@type\":\"ListItem\",\"@id\":\"https:\\\/\\\/szel-pasztorkerteszet.hu\\\/?page_id=53#listItem\",\"name\":\"\\u00dczlet\"}},{\"@type\":\"ListItem\",\"@id\":\"https:\\\/\\\/szel-pasztorkerteszet.hu\\\/?product=pennisetum-oriantale-karley-rose-keleti-tollborzfu#listItem\",\"position\":4,\"name\":\"Pennisetum oriantale &#8216;Pink&#8217;\\\/ Keleti tollborzf\\u0171\",\"previousItem\":{\"@type\":\"ListItem\",\"@id\":\"https:\\\/\\\/szel-pasztorkerteszet.hu\\\/?product_cat=evelo-novenyek#listItem\",\"name\":\"\\u00c9vel\\u0151 n\\u00f6v\\u00e9nyek\"}}]},{\"@type\":\"Organization\",\"@id\":\"https:\\\/\\\/szel-pasztorkerteszet.hu\\\/#organization\",\"name\":\"Sz\\u00e9l & P\\u00e1sztor Kert\\u00e9szet - Pell\\u00e9rd\",\"description\":\"N\\u00f6v\\u00e9nyek \\u00e9s kert\\u00e9szeti term\\u00e9kek\",\"url\":\"https:\\\/\\\/szel-pasztorkerteszet.hu\\\/\",\"telephone\":\"+36204296111\",\"logo\":{\"@type\":\"ImageObject\",\"url\":\"https:\\\/\\\/szel-pasztorkerteszet.hu\\\/wp-content\\\/uploads\\\/2022\\\/03\\\/Szel-Pasztor-logo-02.jpg\",\"@id\":\"https:\\\/\\\/szel-pasztorkerteszet.hu\\\/?product=pennisetum-oriantale-karley-rose-keleti-tollborzfu\\\/#organizationLogo\",\"width\":1431,\"height\":1423},\"image\":{\"@id\":\"https:\\\/\\\/szel-pasztorkerteszet.hu\\\/?product=pennisetum-oriantale-karley-rose-keleti-tollborzfu\\\/#organizationLogo\"},\"sameAs\":[\"https:\\\/\\\/www.facebook.com\\\/szel.pasztor.kerteszet\\\/\"]},{\"@type\":\"WebPage\",\"@id\":\"https:\\\/\\\/szel-pasztorkerteszet.hu\\\/?product=pennisetum-oriantale-karley-rose-keleti-tollborzfu#webpage\",\"url\":\"https:\\\/\\\/szel-pasztorkerteszet.hu\\\/?product=pennisetum-oriantale-karley-rose-keleti-tollborzfu\",\"name\":\"Pennisetum oriantale \\u2018Pink\\u2019\\\/ Keleti tollborzf\\u0171 - Sz\\u00e9l & P\\u00e1sztor kert\\u00e9szet\",\"description\":\"Pennisetum oriantale 'Pink'- Keleti tollborzf\\u0171 50-70 cm magas, kompakt n\\u00f6veked\\u00e9s\\u0171, bokrosod\\u00f3, \\u00edvesen sz\\u00e9thajl\\u00f3, l\\u00e1gyabb lomb\\u00fa d\\u00edszf\\u0171. Bug\\u00e1ja r\\u00f3zsasz\\u00edn, j\\u00faniust\\u00f3l- szeptemberig d\\u00edsz\\u00edti a n\\u00f6v\\u00e9nyt. Napos, meleg helyre, j\\u00f3 v\\u00edzelvezet\\u00e9s\\u0171 talajba \\u00fcltess\\u00fck. Sz\\u00e1raz lombj\\u00e1t a fagyok ut\\u00e1n tavasszal v\\u00e1gjuk vissza. Kiv\\u00e1l\\u00f3an mutat csoportosan \\u00fcltetve, szoliterk\\u00e9nt \\u00e9s kerti tavak mellett is. A term\\u00e9ket 2L-es kont\\u00e9nerben sz\\u00e1ll\\u00edtjuk!\",\"inLanguage\":\"hu-HU\",\"isPartOf\":{\"@id\":\"https:\\\/\\\/szel-pasztorkerteszet.hu\\\/#website\"},\"breadcrumb\":{\"@id\":\"https:\\\/\\\/szel-pasztorkerteszet.hu\\\/?product=pennisetum-oriantale-karley-rose-keleti-tollborzfu#breadcrumblist\"},\"image\":{\"@type\":\"ImageObject\",\"url\":\"https:\\\/\\\/szel-pasztorkerteszet.hu\\\/wp-content\\\/uploads\\\/2022\\\/02\\\/Pennisetum-karley-rose.jpg\",\"@id\":\"https:\\\/\\\/szel-pasztorkerteszet.hu\\\/?product=pennisetum-oriantale-karley-rose-keleti-tollborzfu\\\/#mainImage\",\"width\":716,\"height\":812},\"primaryImageOfPage\":{\"@id\":\"https:\\\/\\\/szel-pasztorkerteszet.hu\\\/?product=pennisetum-oriantale-karley-rose-keleti-tollborzfu#mainImage\"},\"datePublished\":\"2022-02-27T19:13:20+00:00\",\"dateModified\":\"2026-06-26T10:50:15+00:00\"},{\"@type\":\"WebSite\",\"@id\":\"https:\\\/\\\/szel-pasztorkerteszet.hu\\\/#website\",\"url\":\"https:\\\/\\\/szel-pasztorkerteszet.hu\\\/\",\"name\":\"Sz\\u00e9l & P\\u00e1sztor Kert\\u00e9szet\",\"description\":\"N\\u00f6v\\u00e9nyek \\u00e9s kert\\u00e9szeti term\\u00e9kek\",\"inLanguage\":\"hu-HU\",\"publisher\":{\"@id\":\"https:\\\/\\\/szel-pasztorkerteszet.hu\\\/#organization\"}}]}\n\t\t<\/script>\n\t\t<!-- All in One SEO -->\n\n","aioseo_head_json":{"title":"Pennisetum oriantale \u2018Pink\u2019\/ Keleti tollborzf\u0171 - Sz\u00e9l & P\u00e1sztor kert\u00e9szet","description":"Pennisetum oriantale 'Pink'- Keleti tollborzf\u0171 50-70 cm magas, kompakt n\u00f6veked\u00e9s\u0171, bokrosod\u00f3, \u00edvesen sz\u00e9thajl\u00f3, l\u00e1gyabb lomb\u00fa d\u00edszf\u0171. Bug\u00e1ja r\u00f3zsasz\u00edn, j\u00faniust\u00f3l- szeptemberig d\u00edsz\u00edti a n\u00f6v\u00e9nyt. Napos, meleg helyre, j\u00f3 v\u00edzelvezet\u00e9s\u0171 talajba \u00fcltess\u00fck. Sz\u00e1raz lombj\u00e1t a fagyok ut\u00e1n tavasszal v\u00e1gjuk vissza. Kiv\u00e1l\u00f3an mutat csoportosan \u00fcltetve, szoliterk\u00e9nt \u00e9s kerti tavak mellett is. A term\u00e9ket 2L-es kont\u00e9nerben sz\u00e1ll\u00edtjuk!","canonical_url":"https:\/\/szel-pasztorkerteszet.hu\/?product=pennisetum-oriantale-karley-rose-keleti-tollborzfu","robots":"max-image-preview:large","keywords":"","webmasterTools":{"miscellaneous":""},"schema":{"@context":"https:\/\/schema.org","@graph":[{"@type":"BreadcrumbList","@id":"https:\/\/szel-pasztorkerteszet.hu\/?product=pennisetum-oriantale-karley-rose-keleti-tollborzfu#breadcrumblist","itemListElement":[{"@type":"ListItem","@id":"https:\/\/szel-pasztorkerteszet.hu#listItem","position":1,"name":"Home","item":"https:\/\/szel-pasztorkerteszet.hu","nextItem":{"@type":"ListItem","@id":"https:\/\/szel-pasztorkerteszet.hu\/?page_id=53#listItem","name":"\u00dczlet"}},{"@type":"ListItem","@id":"https:\/\/szel-pasztorkerteszet.hu\/?page_id=53#listItem","position":2,"name":"\u00dczlet","item":"https:\/\/szel-pasztorkerteszet.hu\/?page_id=53","nextItem":{"@type":"ListItem","@id":"https:\/\/szel-pasztorkerteszet.hu\/?product_cat=evelo-novenyek#listItem","name":"\u00c9vel\u0151 n\u00f6v\u00e9nyek"},"previousItem":{"@type":"ListItem","@id":"https:\/\/szel-pasztorkerteszet.hu#listItem","name":"Home"}},{"@type":"ListItem","@id":"https:\/\/szel-pasztorkerteszet.hu\/?product_cat=evelo-novenyek#listItem","position":3,"name":"\u00c9vel\u0151 n\u00f6v\u00e9nyek","item":"https:\/\/szel-pasztorkerteszet.hu\/?product_cat=evelo-novenyek","nextItem":{"@type":"ListItem","@id":"https:\/\/szel-pasztorkerteszet.hu\/?product=pennisetum-oriantale-karley-rose-keleti-tollborzfu#listItem","name":"Pennisetum oriantale &#8216;Pink&#8217;\/ Keleti tollborzf\u0171"},"previousItem":{"@type":"ListItem","@id":"https:\/\/szel-pasztorkerteszet.hu\/?page_id=53#listItem","name":"\u00dczlet"}},{"@type":"ListItem","@id":"https:\/\/szel-pasztorkerteszet.hu\/?product=pennisetum-oriantale-karley-rose-keleti-tollborzfu#listItem","position":4,"name":"Pennisetum oriantale &#8216;Pink&#8217;\/ Keleti tollborzf\u0171","previousItem":{"@type":"ListItem","@id":"https:\/\/szel-pasztorkerteszet.hu\/?product_cat=evelo-novenyek#listItem","name":"\u00c9vel\u0151 n\u00f6v\u00e9nyek"}}]},{"@type":"Organization","@id":"https:\/\/szel-pasztorkerteszet.hu\/#organization","name":"Sz\u00e9l & P\u00e1sztor Kert\u00e9szet - Pell\u00e9rd","description":"N\u00f6v\u00e9nyek \u00e9s kert\u00e9szeti term\u00e9kek","url":"https:\/\/szel-pasztorkerteszet.hu\/","telephone":"+36204296111","logo":{"@type":"ImageObject","url":"https:\/\/szel-pasztorkerteszet.hu\/wp-content\/uploads\/2022\/03\/Szel-Pasztor-logo-02.jpg","@id":"https:\/\/szel-pasztorkerteszet.hu\/?product=pennisetum-oriantale-karley-rose-keleti-tollborzfu\/#organizationLogo","width":1431,"height":1423},"image":{"@id":"https:\/\/szel-pasztorkerteszet.hu\/?product=pennisetum-oriantale-karley-rose-keleti-tollborzfu\/#organizationLogo"},"sameAs":["https:\/\/www.facebook.com\/szel.pasztor.kerteszet\/"]},{"@type":"WebPage","@id":"https:\/\/szel-pasztorkerteszet.hu\/?product=pennisetum-oriantale-karley-rose-keleti-tollborzfu#webpage","url":"https:\/\/szel-pasztorkerteszet.hu\/?product=pennisetum-oriantale-karley-rose-keleti-tollborzfu","name":"Pennisetum oriantale \u2018Pink\u2019\/ Keleti tollborzf\u0171 - Sz\u00e9l & P\u00e1sztor kert\u00e9szet","description":"Pennisetum oriantale 'Pink'- Keleti tollborzf\u0171 50-70 cm magas, kompakt n\u00f6veked\u00e9s\u0171, bokrosod\u00f3, \u00edvesen sz\u00e9thajl\u00f3, l\u00e1gyabb lomb\u00fa d\u00edszf\u0171. Bug\u00e1ja r\u00f3zsasz\u00edn, j\u00faniust\u00f3l- szeptemberig d\u00edsz\u00edti a n\u00f6v\u00e9nyt. Napos, meleg helyre, j\u00f3 v\u00edzelvezet\u00e9s\u0171 talajba \u00fcltess\u00fck. Sz\u00e1raz lombj\u00e1t a fagyok ut\u00e1n tavasszal v\u00e1gjuk vissza. Kiv\u00e1l\u00f3an mutat csoportosan \u00fcltetve, szoliterk\u00e9nt \u00e9s kerti tavak mellett is. A term\u00e9ket 2L-es kont\u00e9nerben sz\u00e1ll\u00edtjuk!","inLanguage":"hu-HU","isPartOf":{"@id":"https:\/\/szel-pasztorkerteszet.hu\/#website"},"breadcrumb":{"@id":"https:\/\/szel-pasztorkerteszet.hu\/?product=pennisetum-oriantale-karley-rose-keleti-tollborzfu#breadcrumblist"},"image":{"@type":"ImageObject","url":"https:\/\/szel-pasztorkerteszet.hu\/wp-content\/uploads\/2022\/02\/Pennisetum-karley-rose.jpg","@id":"https:\/\/szel-pasztorkerteszet.hu\/?product=pennisetum-oriantale-karley-rose-keleti-tollborzfu\/#mainImage","width":716,"height":812},"primaryImageOfPage":{"@id":"https:\/\/szel-pasztorkerteszet.hu\/?product=pennisetum-oriantale-karley-rose-keleti-tollborzfu#mainImage"},"datePublished":"2022-02-27T19:13:20+00:00","dateModified":"2026-06-26T10:50:15+00:00"},{"@type":"WebSite","@id":"https:\/\/szel-pasztorkerteszet.hu\/#website","url":"https:\/\/szel-pasztorkerteszet.hu\/","name":"Sz\u00e9l & P\u00e1sztor Kert\u00e9szet","description":"N\u00f6v\u00e9nyek \u00e9s kert\u00e9szeti term\u00e9kek","inLanguage":"hu-HU","publisher":{"@id":"https:\/\/szel-pasztorkerteszet.hu\/#organization"}}]},"og:locale":"hu_HU","og:site_name":"Sz\u00e9l &amp; P\u00e1sztor kert\u00e9szet","og:type":"article","og:title":"Pennisetum oriantale \u2018Pink\u2019\/ Keleti tollborzf\u0171 - Sz\u00e9l &amp; P\u00e1sztor kert\u00e9szet","og:description":"Pennisetum oriantale 'Pink'- Keleti tollborzf\u0171 50-70 cm magas, kompakt n\u00f6veked\u00e9s\u0171, bokrosod\u00f3, \u00edvesen sz\u00e9thajl\u00f3, l\u00e1gyabb lomb\u00fa d\u00edszf\u0171. Bug\u00e1ja r\u00f3zsasz\u00edn, j\u00faniust\u00f3l- szeptemberig d\u00edsz\u00edti a n\u00f6v\u00e9nyt. Napos, meleg helyre, j\u00f3 v\u00edzelvezet\u00e9s\u0171 talajba \u00fcltess\u00fck. Sz\u00e1raz lombj\u00e1t a fagyok ut\u00e1n tavasszal v\u00e1gjuk vissza. Kiv\u00e1l\u00f3an mutat csoportosan \u00fcltetve, szoliterk\u00e9nt \u00e9s kerti tavak mellett is. A term\u00e9ket 2L-es kont\u00e9nerben sz\u00e1ll\u00edtjuk!","og:url":"https:\/\/szel-pasztorkerteszet.hu\/?product=pennisetum-oriantale-karley-rose-keleti-tollborzfu","og:image":"https:\/\/szel-pasztorkerteszet.hu\/wp-content\/uploads\/2022\/02\/Pennisetum-karley-rose.jpg","og:image:secure_url":"https:\/\/szel-pasztorkerteszet.hu\/wp-content\/uploads\/2022\/02\/Pennisetum-karley-rose.jpg","og:image:width":"716","og:image:height":"812","article:published_time":"2022-02-27T19:13:20+00:00","article:modified_time":"2026-06-26T10:50:15+00:00","article:publisher":"https:\/\/www.facebook.com\/szel.pasztor.kerteszet\/","twitter:card":"summary_large_image","twitter:title":"Pennisetum oriantale \u2018Pink\u2019\/ Keleti tollborzf\u0171 - Sz\u00e9l &amp; P\u00e1sztor kert\u00e9szet","twitter:description":"Pennisetum oriantale 'Pink'- Keleti tollborzf\u0171 50-70 cm magas, kompakt n\u00f6veked\u00e9s\u0171, bokrosod\u00f3, \u00edvesen sz\u00e9thajl\u00f3, l\u00e1gyabb lomb\u00fa d\u00edszf\u0171. Bug\u00e1ja r\u00f3zsasz\u00edn, j\u00faniust\u00f3l- szeptemberig d\u00edsz\u00edti a n\u00f6v\u00e9nyt. Napos, meleg helyre, j\u00f3 v\u00edzelvezet\u00e9s\u0171 talajba \u00fcltess\u00fck. Sz\u00e1raz lombj\u00e1t a fagyok ut\u00e1n tavasszal v\u00e1gjuk vissza. Kiv\u00e1l\u00f3an mutat csoportosan \u00fcltetve, szoliterk\u00e9nt \u00e9s kerti tavak mellett is. A term\u00e9ket 2L-es kont\u00e9nerben sz\u00e1ll\u00edtjuk!","twitter:image":"https:\/\/szel-pasztorkerteszet.hu\/wp-content\/uploads\/2022\/02\/Pennisetum-karley-rose.jpg"},"aioseo_meta_data":{"post_id":"2129","title":null,"description":null,"keywords":null,"keyphrases":{"focus":{"keyphrase":"","score":0,"analysis":{"keyphraseInTitle":{"score":0,"maxScore":9,"error":1}}},"additional":[]},"primary_term":null,"canonical_url":null,"og_title":null,"og_description":null,"og_object_type":"default","og_image_type":"featured","og_image_url":"https:\/\/szel-pasztorkerteszet.hu\/wp-content\/uploads\/2022\/02\/Pennisetum-karley-rose.jpg","og_image_width":"716","og_image_height":"812","og_image_custom_url":null,"og_image_custom_fields":null,"og_video":"","og_custom_url":null,"og_article_section":null,"og_article_tags":null,"twitter_use_og":true,"twitter_card":"default","twitter_image_type":"default","twitter_image_url":null,"twitter_image_custom_url":null,"twitter_image_custom_fields":null,"twitter_title":null,"twitter_description":null,"schema":{"blockGraphs":[],"customGraphs":[],"default":{"data":{"Article":[],"Course":[],"Dataset":[],"FAQPage":[],"Movie":[],"Person":[],"Product":[],"ProductReview":[],"Car":[],"Recipe":[],"Service":[],"SoftwareApplication":[],"WebPage":[]},"graphName":"WebPage","isEnabled":true},"graphs":[]},"schema_type":"default","schema_type_options":"{\"article\":{\"articleType\":\"BlogPosting\"},\"course\":{\"name\":\"\",\"description\":\"\",\"provider\":\"\"},\"faq\":{\"pages\":[]},\"product\":{\"reviews\":[]},\"recipe\":{\"ingredients\":[],\"instructions\":[],\"keywords\":[]},\"software\":{\"reviews\":[],\"operatingSystems\":[]},\"webPage\":{\"webPageType\":\"WebPage\"}}","pillar_content":false,"robots_default":true,"robots_noindex":false,"robots_noarchive":false,"robots_nosnippet":false,"robots_nofollow":false,"robots_noimageindex":false,"robots_noodp":false,"robots_notranslate":false,"robots_max_snippet":"-1","robots_max_videopreview":"-1","robots_max_imagepreview":"large","priority":null,"frequency":"default","local_seo":null,"limit_modified_date":false,"created":"2022-03-18 18:16:01","updated":"2026-08-31 19:19:03","focus_keyword":null,"additional_keywords":null,"truseo_locale":null,"ai":null,"breadcrumb_settings":null,"seo_analyzer_scan_date":null},"aioseo_breadcrumb":"<div class=\"aioseo-breadcrumbs\"><span class=\"aioseo-breadcrumb\">\n\t\t\t<a href=\"https:\/\/szel-pasztorkerteszet.hu\" title=\"Home\">Home<\/a>\n\t\t<\/span><span class=\"aioseo-breadcrumb-separator\">&raquo;<\/span><span class=\"aioseo-breadcrumb\">\n\t\t\t<a href=\"https:\/\/szel-pasztorkerteszet.hu\/?page_id=53\" title=\"\u00dczlet\">\u00dczlet<\/a>\n\t\t<\/span><span class=\"aioseo-breadcrumb-separator\">&raquo;<\/span><span class=\"aioseo-breadcrumb\">\n\t\t\t<a href=\"https:\/\/szel-pasztorkerteszet.hu\/?product_cat=evelo-novenyek\" title=\"\u00c9vel\u0151 n\u00f6v\u00e9nyek\">\u00c9vel\u0151 n\u00f6v\u00e9nyek<\/a>\n\t\t<\/span><span class=\"aioseo-breadcrumb-separator\">&raquo;<\/span><span class=\"aioseo-breadcrumb\">\n\t\t\tPennisetum oriantale \u2018Pink\u2019\/ Keleti tollborzf\u0171\n\t\t<\/span><\/div>","aioseo_breadcrumb_json":[{"label":"Home","link":"https:\/\/szel-pasztorkerteszet.hu"},{"label":"\u00dczlet","link":"https:\/\/szel-pasztorkerteszet.hu\/?page_id=53"},{"label":"\u00c9vel\u0151 n\u00f6v\u00e9nyek","link":"https:\/\/szel-pasztorkerteszet.hu\/?product_cat=evelo-novenyek"},{"label":"Pennisetum oriantale &#8216;Pink&#8217;\/ Keleti tollborzf\u0171","link":"https:\/\/szel-pasztorkerteszet.hu\/?product=pennisetum-oriantale-karley-rose-keleti-tollborzfu"}],"_links":{"self":[{"href":"https:\/\/szel-pasztorkerteszet.hu\/index.php?rest_route=\/wp\/v2\/product\/2129","targetHints":{"allow":["GET"]}}],"collection":[{"href":"https:\/\/szel-pasztorkerteszet.hu\/index.php?rest_route=\/wp\/v2\/product"}],"about":[{"href":"https:\/\/szel-pasztorkerteszet.hu\/index.php?rest_route=\/wp\/v2\/types\/product"}],"replies":[{"embeddable":true,"href":"https:\/\/szel-pasztorkerteszet.hu\/index.php?rest_route=%2Fwp%2Fv2%2Fcomments&post=2129"}],"wp:featuredmedia":[{"embeddable":true,"href":"https:\/\/szel-pasztorkerteszet.hu\/index.php?rest_route=\/wp\/v2\/media\/2067"}],"wp:attachment":[{"href":"https:\/\/szel-pasztorkerteszet.hu\/index.php?rest_route=%2Fwp%2Fv2%2Fmedia&parent=2129"}],"wp:term":[{"taxonomy":"product_brand","embeddable":true,"href":"https:\/\/szel-pasztorkerteszet.hu\/index.php?rest_route=%2Fwp%2Fv2%2Fproduct_brand&post=2129"},{"taxonomy":"product_cat","embeddable":true,"href":"https:\/\/szel-pasztorkerteszet.hu\/index.php?rest_route=%2Fwp%2Fv2%2Fproduct_cat&post=2129"},{"taxonomy":"product_tag","embeddable":true,"href":"https:\/\/szel-pasztorkerteszet.hu\/index.php?rest_route=%2Fwp%2Fv2%2Fproduct_tag&post=2129"}],"curies":[{"name":"wp","href":"https:\/\/api.w.org\/{rel}","templated":true}]}}