{"id":2893,"date":"2022-03-07T14:36:53","date_gmt":"2022-03-07T14:36:53","guid":{"rendered":"https:\/\/szel-pasztorkerteszet.hu\/?post_type=product&#038;p=2893"},"modified":"2026-07-27T08:43:14","modified_gmt":"2026-07-27T08:43:14","slug":"caragana-arborescens-walker-keskenylevelu-csungo-borsofa","status":"publish","type":"product","link":"https:\/\/szel-pasztorkerteszet.hu\/?product=caragana-arborescens-walker-keskenylevelu-csungo-borsofa","title":{"rendered":"Caragana arborescens &#8216;Walker&#8217;\/ Keskenylevel\u0171 cs\u00fcng\u0151 bors\u00f3fa"},"content":{"rendered":"<p>Caragana arborescens &#8216;Walker&#8217;- Keskenylevel\u0171 cs\u00fcng\u0151 bors\u00f3fa<\/p>\n<p>1,2-1,5 m magas t\u00f6rzsre oltott, cs\u00fcng\u0151 \u00e1g\u00fa kis fa. \u00c1gai a f\u00f6ldig cs\u00fcngenek. 8-10 cm hossz\u00fa levelei keskenyek, k\u00f6z\u00e9pz\u00f6ldek \u00e9s szinte f\u00fcgg\u00f6nyszer\u0171ek. Vir\u00e1gai s\u00e1rg\u00e1k, pillang\u00f3szer\u0171ek, nagyon mutat\u00f3sak, m\u00e1jus- j\u00faniusban ny\u00edlnak. Vir\u00e1gz\u00e1s ut\u00e1n \u00e9rdemes vissza metszeni. Napos, f\u00e9l\u00e1rny\u00e9kos helyre, meszes, laza talajba val\u00f3. A sz\u00e1razs\u00e1got j\u00f3l t\u0171ri. \u00dcltethetj\u00fck szoliterk\u00e9nt vagy ed\u00e9nybe is.<\/p>\n<p>T\u00e9l\u00e1ll\u00f3s\u00e1gi z\u00f3na: 3a -40C<\/p>\n<p>Kiz\u00e1r\u00f3lag kert\u00e9szeti \u00e1tv\u00e9tellel vagy saj\u00e1t aut\u00f3s kisz\u00e1ll\u00edt\u00e1ssal rendelhet\u0151!<\/p>\n<p>12L-es kont\u00e9nerben 160cm<\/p>\n","protected":false},"excerpt":{"rendered":"<p>Caragana arborescens &#8216;Walker&#8217;- Keskenylevel\u0171 cs\u00fcng\u0151 bors\u00f3fa 1,2-1,5 m magas t\u00f6rzsre oltott, cs\u00fcng\u0151 \u00e1g\u00fa kis fa. \u00c1gai a f\u00f6ldig cs\u00fcngenek. 8-10 cm hossz\u00fa levelei keskenyek, k\u00f6z\u00e9pz\u00f6ldek \u00e9s szinte f\u00fcgg\u00f6nyszer\u0171ek. Vir\u00e1gai s\u00e1rg\u00e1k, pillang\u00f3szer\u0171ek, nagyon mutat\u00f3sak, m\u00e1jus- j\u00faniusban ny\u00edlnak. Vir\u00e1gz\u00e1s ut\u00e1n \u00e9rdemes vissza metszeni. Napos, f\u00e9l\u00e1rny\u00e9kos helyre, meszes, laza talajba val\u00f3. A sz\u00e1razs\u00e1got j\u00f3l t\u0171ri. \u00dcltethetj\u00fck szoliterk\u00e9nt vagy [&hellip;]<\/p>\n","protected":false},"featured_media":2870,"comment_status":"open","ping_status":"closed","template":"","meta":{"_monsterinsights_skip_tracking":false,"_monsterinsights_sitenote_active":false,"_monsterinsights_sitenote_note":"","_monsterinsights_sitenote_category":0},"product_brand":[],"product_cat":[376,38,33],"product_tag":[366,365,241,469],"class_list":["post-2893","product","type-product","status-publish","has-post-thumbnail","product_cat-akcios-termekek","product_cat-diszfak","product_cat-formara-nyirt-novenyek","product_tag-borsofa","product_tag-csungoborso","product_tag-diszfa","product_tag-keskenylevelu","first","outofstock","sale","taxable","shipping-taxable","purchasable","product-type-simple"],"aioseo_notices":[],"aioseo_head":"\n\t\t<!-- All in One SEO 5.0.1 - aioseo.com -->\n\t<meta name=\"description\" content=\"Caragana arborescens &#039;Walker&#039;- Keskenylevel\u0171 cs\u00fcng\u0151 bors\u00f3fa 1,2-1,5 m magas t\u00f6rzsre oltott, cs\u00fcng\u0151 \u00e1g\u00fa kis fa. \u00c1gai a f\u00f6ldig cs\u00fcngenek. 8-10 cm hossz\u00fa levelei keskenyek, k\u00f6z\u00e9pz\u00f6ldek \u00e9s szinte f\u00fcgg\u00f6nyszer\u0171ek. Vir\u00e1gai s\u00e1rg\u00e1k, pillang\u00f3szer\u0171ek, nagyon mutat\u00f3sak, m\u00e1jus- j\u00faniusban ny\u00edlnak. Vir\u00e1gz\u00e1s ut\u00e1n \u00e9rdemes vissza metszeni. Napos, f\u00e9l\u00e1rny\u00e9kos helyre, meszes, laza talajba val\u00f3. A sz\u00e1razs\u00e1got j\u00f3l t\u0171ri. \u00dcltethetj\u00fck szoliterk\u00e9nt vagy\" \/>\n\t<meta name=\"robots\" content=\"max-image-preview:large\" \/>\n\t<link rel=\"canonical\" href=\"https:\/\/szel-pasztorkerteszet.hu\/?product=caragana-arborescens-walker-keskenylevelu-csungo-borsofa\" \/>\n\t<meta name=\"generator\" content=\"All in One SEO (AIOSEO) 5.0.1\" \/>\n\t\t<meta property=\"og:locale\" content=\"hu_HU\" \/>\n\t\t<meta property=\"og:site_name\" content=\"Sz\u00e9l &amp; P\u00e1sztor kert\u00e9szet\" \/>\n\t\t<meta property=\"og:type\" content=\"article\" \/>\n\t\t<meta property=\"og:title\" content=\"Caragana arborescens \u2018Walker\u2019\/ Keskenylevel\u0171 cs\u00fcng\u0151 bors\u00f3fa - Sz\u00e9l &amp; P\u00e1sztor kert\u00e9szet\" \/>\n\t\t<meta property=\"og:description\" content=\"Caragana arborescens &#039;Walker&#039;- Keskenylevel\u0171 cs\u00fcng\u0151 bors\u00f3fa 1,2-1,5 m magas t\u00f6rzsre oltott, cs\u00fcng\u0151 \u00e1g\u00fa kis fa. \u00c1gai a f\u00f6ldig cs\u00fcngenek. 8-10 cm hossz\u00fa levelei keskenyek, k\u00f6z\u00e9pz\u00f6ldek \u00e9s szinte f\u00fcgg\u00f6nyszer\u0171ek. Vir\u00e1gai s\u00e1rg\u00e1k, pillang\u00f3szer\u0171ek, nagyon mutat\u00f3sak, m\u00e1jus- j\u00faniusban ny\u00edlnak. Vir\u00e1gz\u00e1s ut\u00e1n \u00e9rdemes vissza metszeni. Napos, f\u00e9l\u00e1rny\u00e9kos helyre, meszes, laza talajba val\u00f3. A sz\u00e1razs\u00e1got j\u00f3l t\u0171ri. \u00dcltethetj\u00fck szoliterk\u00e9nt vagy\" \/>\n\t\t<meta property=\"og:url\" content=\"https:\/\/szel-pasztorkerteszet.hu\/?product=caragana-arborescens-walker-keskenylevelu-csungo-borsofa\" \/>\n\t\t<meta property=\"og:image\" content=\"https:\/\/szel-pasztorkerteszet.hu\/wp-content\/uploads\/2022\/03\/Caragana-arb-walker.jpg\" \/>\n\t\t<meta property=\"og:image:secure_url\" content=\"https:\/\/szel-pasztorkerteszet.hu\/wp-content\/uploads\/2022\/03\/Caragana-arb-walker.jpg\" \/>\n\t\t<meta property=\"og:image:width\" content=\"1431\" \/>\n\t\t<meta property=\"og:image:height\" content=\"1423\" \/>\n\t\t<meta property=\"article:published_time\" content=\"2022-03-07T14:36:53+00:00\" \/>\n\t\t<meta property=\"article:modified_time\" content=\"2026-07-27T08:43:14+00:00\" \/>\n\t\t<meta property=\"article:publisher\" content=\"https:\/\/www.facebook.com\/szel.pasztor.kerteszet\/\" \/>\n\t\t<meta name=\"twitter:card\" content=\"summary_large_image\" \/>\n\t\t<meta name=\"twitter:title\" content=\"Caragana arborescens \u2018Walker\u2019\/ Keskenylevel\u0171 cs\u00fcng\u0151 bors\u00f3fa - Sz\u00e9l &amp; P\u00e1sztor kert\u00e9szet\" \/>\n\t\t<meta name=\"twitter:description\" content=\"Caragana arborescens &#039;Walker&#039;- Keskenylevel\u0171 cs\u00fcng\u0151 bors\u00f3fa 1,2-1,5 m magas t\u00f6rzsre oltott, cs\u00fcng\u0151 \u00e1g\u00fa kis fa. \u00c1gai a f\u00f6ldig cs\u00fcngenek. 8-10 cm hossz\u00fa levelei keskenyek, k\u00f6z\u00e9pz\u00f6ldek \u00e9s szinte f\u00fcgg\u00f6nyszer\u0171ek. Vir\u00e1gai s\u00e1rg\u00e1k, pillang\u00f3szer\u0171ek, nagyon mutat\u00f3sak, m\u00e1jus- j\u00faniusban ny\u00edlnak. Vir\u00e1gz\u00e1s ut\u00e1n \u00e9rdemes vissza metszeni. Napos, f\u00e9l\u00e1rny\u00e9kos helyre, meszes, laza talajba val\u00f3. A sz\u00e1razs\u00e1got j\u00f3l t\u0171ri. \u00dcltethetj\u00fck szoliterk\u00e9nt vagy\" \/>\n\t\t<meta name=\"twitter:image\" content=\"https:\/\/szel-pasztorkerteszet.hu\/wp-content\/uploads\/2022\/03\/Caragana-arb-walker.jpg\" \/>\n\t\t<meta name=\"twitter:label1\" content=\"Est. reading time\" \/>\n\t\t<meta name=\"twitter:data1\" content=\"1 minute\" \/>\n\t\t<script type=\"application\/ld+json\" class=\"aioseo-schema\">\n\t\t\t{\"@context\":\"https:\\\/\\\/schema.org\",\"@graph\":[{\"@type\":\"BreadcrumbList\",\"@id\":\"https:\\\/\\\/szel-pasztorkerteszet.hu\\\/?product=caragana-arborescens-walker-keskenylevelu-csungo-borsofa#breadcrumblist\",\"itemListElement\":[{\"@type\":\"ListItem\",\"@id\":\"https:\\\/\\\/szel-pasztorkerteszet.hu#listItem\",\"position\":1,\"name\":\"Home\",\"item\":\"https:\\\/\\\/szel-pasztorkerteszet.hu\",\"nextItem\":{\"@type\":\"ListItem\",\"@id\":\"https:\\\/\\\/szel-pasztorkerteszet.hu\\\/?page_id=53#listItem\",\"name\":\"\\u00dczlet\"}},{\"@type\":\"ListItem\",\"@id\":\"https:\\\/\\\/szel-pasztorkerteszet.hu\\\/?page_id=53#listItem\",\"position\":2,\"name\":\"\\u00dczlet\",\"item\":\"https:\\\/\\\/szel-pasztorkerteszet.hu\\\/?page_id=53\",\"nextItem\":{\"@type\":\"ListItem\",\"@id\":\"https:\\\/\\\/szel-pasztorkerteszet.hu\\\/?product_cat=formara-nyirt-novenyek#listItem\",\"name\":\"Form\\u00e1ra ny\\u00edrt n\\u00f6v\\u00e9nyek\"},\"previousItem\":{\"@type\":\"ListItem\",\"@id\":\"https:\\\/\\\/szel-pasztorkerteszet.hu#listItem\",\"name\":\"Home\"}},{\"@type\":\"ListItem\",\"@id\":\"https:\\\/\\\/szel-pasztorkerteszet.hu\\\/?product_cat=formara-nyirt-novenyek#listItem\",\"position\":3,\"name\":\"Form\\u00e1ra ny\\u00edrt n\\u00f6v\\u00e9nyek\",\"item\":\"https:\\\/\\\/szel-pasztorkerteszet.hu\\\/?product_cat=formara-nyirt-novenyek\",\"nextItem\":{\"@type\":\"ListItem\",\"@id\":\"https:\\\/\\\/szel-pasztorkerteszet.hu\\\/?product=caragana-arborescens-walker-keskenylevelu-csungo-borsofa#listItem\",\"name\":\"Caragana arborescens &#8216;Walker&#8217;\\\/ Keskenylevel\\u0171 cs\\u00fcng\\u0151 bors\\u00f3fa\"},\"previousItem\":{\"@type\":\"ListItem\",\"@id\":\"https:\\\/\\\/szel-pasztorkerteszet.hu\\\/?page_id=53#listItem\",\"name\":\"\\u00dczlet\"}},{\"@type\":\"ListItem\",\"@id\":\"https:\\\/\\\/szel-pasztorkerteszet.hu\\\/?product=caragana-arborescens-walker-keskenylevelu-csungo-borsofa#listItem\",\"position\":4,\"name\":\"Caragana arborescens &#8216;Walker&#8217;\\\/ Keskenylevel\\u0171 cs\\u00fcng\\u0151 bors\\u00f3fa\",\"previousItem\":{\"@type\":\"ListItem\",\"@id\":\"https:\\\/\\\/szel-pasztorkerteszet.hu\\\/?product_cat=formara-nyirt-novenyek#listItem\",\"name\":\"Form\\u00e1ra ny\\u00edrt n\\u00f6v\\u00e9nyek\"}}]},{\"@type\":\"Organization\",\"@id\":\"https:\\\/\\\/szel-pasztorkerteszet.hu\\\/#organization\",\"name\":\"Sz\\u00e9l & P\\u00e1sztor Kert\\u00e9szet - Pell\\u00e9rd\",\"description\":\"N\\u00f6v\\u00e9nyek \\u00e9s kert\\u00e9szeti term\\u00e9kek\",\"url\":\"https:\\\/\\\/szel-pasztorkerteszet.hu\\\/\",\"telephone\":\"+36204296111\",\"logo\":{\"@type\":\"ImageObject\",\"url\":\"https:\\\/\\\/szel-pasztorkerteszet.hu\\\/wp-content\\\/uploads\\\/2022\\\/03\\\/Szel-Pasztor-logo-02.jpg\",\"@id\":\"https:\\\/\\\/szel-pasztorkerteszet.hu\\\/?product=caragana-arborescens-walker-keskenylevelu-csungo-borsofa\\\/#organizationLogo\",\"width\":1431,\"height\":1423},\"image\":{\"@id\":\"https:\\\/\\\/szel-pasztorkerteszet.hu\\\/?product=caragana-arborescens-walker-keskenylevelu-csungo-borsofa\\\/#organizationLogo\"},\"sameAs\":[\"https:\\\/\\\/www.facebook.com\\\/szel.pasztor.kerteszet\\\/\"]},{\"@type\":\"WebPage\",\"@id\":\"https:\\\/\\\/szel-pasztorkerteszet.hu\\\/?product=caragana-arborescens-walker-keskenylevelu-csungo-borsofa#webpage\",\"url\":\"https:\\\/\\\/szel-pasztorkerteszet.hu\\\/?product=caragana-arborescens-walker-keskenylevelu-csungo-borsofa\",\"name\":\"Caragana arborescens \\u2018Walker\\u2019\\\/ Keskenylevel\\u0171 cs\\u00fcng\\u0151 bors\\u00f3fa - Sz\\u00e9l & P\\u00e1sztor kert\\u00e9szet\",\"description\":\"Caragana arborescens 'Walker'- Keskenylevel\\u0171 cs\\u00fcng\\u0151 bors\\u00f3fa 1,2-1,5 m magas t\\u00f6rzsre oltott, cs\\u00fcng\\u0151 \\u00e1g\\u00fa kis fa. \\u00c1gai a f\\u00f6ldig cs\\u00fcngenek. 8-10 cm hossz\\u00fa levelei keskenyek, k\\u00f6z\\u00e9pz\\u00f6ldek \\u00e9s szinte f\\u00fcgg\\u00f6nyszer\\u0171ek. Vir\\u00e1gai s\\u00e1rg\\u00e1k, pillang\\u00f3szer\\u0171ek, nagyon mutat\\u00f3sak, m\\u00e1jus- j\\u00faniusban ny\\u00edlnak. Vir\\u00e1gz\\u00e1s ut\\u00e1n \\u00e9rdemes vissza metszeni. Napos, f\\u00e9l\\u00e1rny\\u00e9kos helyre, meszes, laza talajba val\\u00f3. A sz\\u00e1razs\\u00e1got j\\u00f3l t\\u0171ri. \\u00dcltethetj\\u00fck szoliterk\\u00e9nt vagy\",\"inLanguage\":\"hu-HU\",\"isPartOf\":{\"@id\":\"https:\\\/\\\/szel-pasztorkerteszet.hu\\\/#website\"},\"breadcrumb\":{\"@id\":\"https:\\\/\\\/szel-pasztorkerteszet.hu\\\/?product=caragana-arborescens-walker-keskenylevelu-csungo-borsofa#breadcrumblist\"},\"image\":{\"@type\":\"ImageObject\",\"url\":\"https:\\\/\\\/szel-pasztorkerteszet.hu\\\/wp-content\\\/uploads\\\/2022\\\/03\\\/Caragana-arb-walker.jpg\",\"@id\":\"https:\\\/\\\/szel-pasztorkerteszet.hu\\\/?product=caragana-arborescens-walker-keskenylevelu-csungo-borsofa\\\/#mainImage\",\"width\":720,\"height\":762},\"primaryImageOfPage\":{\"@id\":\"https:\\\/\\\/szel-pasztorkerteszet.hu\\\/?product=caragana-arborescens-walker-keskenylevelu-csungo-borsofa#mainImage\"},\"datePublished\":\"2022-03-07T14:36:53+00:00\",\"dateModified\":\"2026-07-27T08:43:14+00:00\"},{\"@type\":\"WebSite\",\"@id\":\"https:\\\/\\\/szel-pasztorkerteszet.hu\\\/#website\",\"url\":\"https:\\\/\\\/szel-pasztorkerteszet.hu\\\/\",\"name\":\"Sz\\u00e9l & P\\u00e1sztor Kert\\u00e9szet\",\"description\":\"N\\u00f6v\\u00e9nyek \\u00e9s kert\\u00e9szeti term\\u00e9kek\",\"inLanguage\":\"hu-HU\",\"publisher\":{\"@id\":\"https:\\\/\\\/szel-pasztorkerteszet.hu\\\/#organization\"}}]}\n\t\t<\/script>\n\t\t<!-- All in One SEO -->\n\n","aioseo_head_json":{"title":"Caragana arborescens \u2018Walker\u2019\/ Keskenylevel\u0171 cs\u00fcng\u0151 bors\u00f3fa - Sz\u00e9l & P\u00e1sztor kert\u00e9szet","description":"Caragana arborescens 'Walker'- Keskenylevel\u0171 cs\u00fcng\u0151 bors\u00f3fa 1,2-1,5 m magas t\u00f6rzsre oltott, cs\u00fcng\u0151 \u00e1g\u00fa kis fa. \u00c1gai a f\u00f6ldig cs\u00fcngenek. 8-10 cm hossz\u00fa levelei keskenyek, k\u00f6z\u00e9pz\u00f6ldek \u00e9s szinte f\u00fcgg\u00f6nyszer\u0171ek. Vir\u00e1gai s\u00e1rg\u00e1k, pillang\u00f3szer\u0171ek, nagyon mutat\u00f3sak, m\u00e1jus- j\u00faniusban ny\u00edlnak. Vir\u00e1gz\u00e1s ut\u00e1n \u00e9rdemes vissza metszeni. Napos, f\u00e9l\u00e1rny\u00e9kos helyre, meszes, laza talajba val\u00f3. A sz\u00e1razs\u00e1got j\u00f3l t\u0171ri. \u00dcltethetj\u00fck szoliterk\u00e9nt vagy","canonical_url":"https:\/\/szel-pasztorkerteszet.hu\/?product=caragana-arborescens-walker-keskenylevelu-csungo-borsofa","robots":"max-image-preview:large","keywords":"","webmasterTools":{"miscellaneous":""},"schema":{"@context":"https:\/\/schema.org","@graph":[{"@type":"BreadcrumbList","@id":"https:\/\/szel-pasztorkerteszet.hu\/?product=caragana-arborescens-walker-keskenylevelu-csungo-borsofa#breadcrumblist","itemListElement":[{"@type":"ListItem","@id":"https:\/\/szel-pasztorkerteszet.hu#listItem","position":1,"name":"Home","item":"https:\/\/szel-pasztorkerteszet.hu","nextItem":{"@type":"ListItem","@id":"https:\/\/szel-pasztorkerteszet.hu\/?page_id=53#listItem","name":"\u00dczlet"}},{"@type":"ListItem","@id":"https:\/\/szel-pasztorkerteszet.hu\/?page_id=53#listItem","position":2,"name":"\u00dczlet","item":"https:\/\/szel-pasztorkerteszet.hu\/?page_id=53","nextItem":{"@type":"ListItem","@id":"https:\/\/szel-pasztorkerteszet.hu\/?product_cat=formara-nyirt-novenyek#listItem","name":"Form\u00e1ra ny\u00edrt n\u00f6v\u00e9nyek"},"previousItem":{"@type":"ListItem","@id":"https:\/\/szel-pasztorkerteszet.hu#listItem","name":"Home"}},{"@type":"ListItem","@id":"https:\/\/szel-pasztorkerteszet.hu\/?product_cat=formara-nyirt-novenyek#listItem","position":3,"name":"Form\u00e1ra ny\u00edrt n\u00f6v\u00e9nyek","item":"https:\/\/szel-pasztorkerteszet.hu\/?product_cat=formara-nyirt-novenyek","nextItem":{"@type":"ListItem","@id":"https:\/\/szel-pasztorkerteszet.hu\/?product=caragana-arborescens-walker-keskenylevelu-csungo-borsofa#listItem","name":"Caragana arborescens &#8216;Walker&#8217;\/ Keskenylevel\u0171 cs\u00fcng\u0151 bors\u00f3fa"},"previousItem":{"@type":"ListItem","@id":"https:\/\/szel-pasztorkerteszet.hu\/?page_id=53#listItem","name":"\u00dczlet"}},{"@type":"ListItem","@id":"https:\/\/szel-pasztorkerteszet.hu\/?product=caragana-arborescens-walker-keskenylevelu-csungo-borsofa#listItem","position":4,"name":"Caragana arborescens &#8216;Walker&#8217;\/ Keskenylevel\u0171 cs\u00fcng\u0151 bors\u00f3fa","previousItem":{"@type":"ListItem","@id":"https:\/\/szel-pasztorkerteszet.hu\/?product_cat=formara-nyirt-novenyek#listItem","name":"Form\u00e1ra ny\u00edrt n\u00f6v\u00e9nyek"}}]},{"@type":"Organization","@id":"https:\/\/szel-pasztorkerteszet.hu\/#organization","name":"Sz\u00e9l & P\u00e1sztor Kert\u00e9szet - Pell\u00e9rd","description":"N\u00f6v\u00e9nyek \u00e9s kert\u00e9szeti term\u00e9kek","url":"https:\/\/szel-pasztorkerteszet.hu\/","telephone":"+36204296111","logo":{"@type":"ImageObject","url":"https:\/\/szel-pasztorkerteszet.hu\/wp-content\/uploads\/2022\/03\/Szel-Pasztor-logo-02.jpg","@id":"https:\/\/szel-pasztorkerteszet.hu\/?product=caragana-arborescens-walker-keskenylevelu-csungo-borsofa\/#organizationLogo","width":1431,"height":1423},"image":{"@id":"https:\/\/szel-pasztorkerteszet.hu\/?product=caragana-arborescens-walker-keskenylevelu-csungo-borsofa\/#organizationLogo"},"sameAs":["https:\/\/www.facebook.com\/szel.pasztor.kerteszet\/"]},{"@type":"WebPage","@id":"https:\/\/szel-pasztorkerteszet.hu\/?product=caragana-arborescens-walker-keskenylevelu-csungo-borsofa#webpage","url":"https:\/\/szel-pasztorkerteszet.hu\/?product=caragana-arborescens-walker-keskenylevelu-csungo-borsofa","name":"Caragana arborescens \u2018Walker\u2019\/ Keskenylevel\u0171 cs\u00fcng\u0151 bors\u00f3fa - Sz\u00e9l & P\u00e1sztor kert\u00e9szet","description":"Caragana arborescens 'Walker'- Keskenylevel\u0171 cs\u00fcng\u0151 bors\u00f3fa 1,2-1,5 m magas t\u00f6rzsre oltott, cs\u00fcng\u0151 \u00e1g\u00fa kis fa. \u00c1gai a f\u00f6ldig cs\u00fcngenek. 8-10 cm hossz\u00fa levelei keskenyek, k\u00f6z\u00e9pz\u00f6ldek \u00e9s szinte f\u00fcgg\u00f6nyszer\u0171ek. Vir\u00e1gai s\u00e1rg\u00e1k, pillang\u00f3szer\u0171ek, nagyon mutat\u00f3sak, m\u00e1jus- j\u00faniusban ny\u00edlnak. Vir\u00e1gz\u00e1s ut\u00e1n \u00e9rdemes vissza metszeni. Napos, f\u00e9l\u00e1rny\u00e9kos helyre, meszes, laza talajba val\u00f3. A sz\u00e1razs\u00e1got j\u00f3l t\u0171ri. \u00dcltethetj\u00fck szoliterk\u00e9nt vagy","inLanguage":"hu-HU","isPartOf":{"@id":"https:\/\/szel-pasztorkerteszet.hu\/#website"},"breadcrumb":{"@id":"https:\/\/szel-pasztorkerteszet.hu\/?product=caragana-arborescens-walker-keskenylevelu-csungo-borsofa#breadcrumblist"},"image":{"@type":"ImageObject","url":"https:\/\/szel-pasztorkerteszet.hu\/wp-content\/uploads\/2022\/03\/Caragana-arb-walker.jpg","@id":"https:\/\/szel-pasztorkerteszet.hu\/?product=caragana-arborescens-walker-keskenylevelu-csungo-borsofa\/#mainImage","width":720,"height":762},"primaryImageOfPage":{"@id":"https:\/\/szel-pasztorkerteszet.hu\/?product=caragana-arborescens-walker-keskenylevelu-csungo-borsofa#mainImage"},"datePublished":"2022-03-07T14:36:53+00:00","dateModified":"2026-07-27T08:43:14+00:00"},{"@type":"WebSite","@id":"https:\/\/szel-pasztorkerteszet.hu\/#website","url":"https:\/\/szel-pasztorkerteszet.hu\/","name":"Sz\u00e9l & P\u00e1sztor Kert\u00e9szet","description":"N\u00f6v\u00e9nyek \u00e9s kert\u00e9szeti term\u00e9kek","inLanguage":"hu-HU","publisher":{"@id":"https:\/\/szel-pasztorkerteszet.hu\/#organization"}}]},"og:locale":"hu_HU","og:site_name":"Sz\u00e9l &amp; P\u00e1sztor kert\u00e9szet","og:type":"article","og:title":"Caragana arborescens \u2018Walker\u2019\/ Keskenylevel\u0171 cs\u00fcng\u0151 bors\u00f3fa - Sz\u00e9l &amp; P\u00e1sztor kert\u00e9szet","og:description":"Caragana arborescens 'Walker'- Keskenylevel\u0171 cs\u00fcng\u0151 bors\u00f3fa 1,2-1,5 m magas t\u00f6rzsre oltott, cs\u00fcng\u0151 \u00e1g\u00fa kis fa. \u00c1gai a f\u00f6ldig cs\u00fcngenek. 8-10 cm hossz\u00fa levelei keskenyek, k\u00f6z\u00e9pz\u00f6ldek \u00e9s szinte f\u00fcgg\u00f6nyszer\u0171ek. Vir\u00e1gai s\u00e1rg\u00e1k, pillang\u00f3szer\u0171ek, nagyon mutat\u00f3sak, m\u00e1jus- j\u00faniusban ny\u00edlnak. Vir\u00e1gz\u00e1s ut\u00e1n \u00e9rdemes vissza metszeni. Napos, f\u00e9l\u00e1rny\u00e9kos helyre, meszes, laza talajba val\u00f3. A sz\u00e1razs\u00e1got j\u00f3l t\u0171ri. \u00dcltethetj\u00fck szoliterk\u00e9nt vagy","og:url":"https:\/\/szel-pasztorkerteszet.hu\/?product=caragana-arborescens-walker-keskenylevelu-csungo-borsofa","og:image":"https:\/\/szel-pasztorkerteszet.hu\/wp-content\/uploads\/2022\/03\/Caragana-arb-walker.jpg","og:image:secure_url":"https:\/\/szel-pasztorkerteszet.hu\/wp-content\/uploads\/2022\/03\/Caragana-arb-walker.jpg","og:image:width":"1431","og:image:height":"1423","article:published_time":"2022-03-07T14:36:53+00:00","article:modified_time":"2026-07-27T08:43:14+00:00","article:publisher":"https:\/\/www.facebook.com\/szel.pasztor.kerteszet\/","twitter:card":"summary_large_image","twitter:title":"Caragana arborescens \u2018Walker\u2019\/ Keskenylevel\u0171 cs\u00fcng\u0151 bors\u00f3fa - Sz\u00e9l &amp; P\u00e1sztor kert\u00e9szet","twitter:description":"Caragana arborescens 'Walker'- Keskenylevel\u0171 cs\u00fcng\u0151 bors\u00f3fa 1,2-1,5 m magas t\u00f6rzsre oltott, cs\u00fcng\u0151 \u00e1g\u00fa kis fa. \u00c1gai a f\u00f6ldig cs\u00fcngenek. 8-10 cm hossz\u00fa levelei keskenyek, k\u00f6z\u00e9pz\u00f6ldek \u00e9s szinte f\u00fcgg\u00f6nyszer\u0171ek. Vir\u00e1gai s\u00e1rg\u00e1k, pillang\u00f3szer\u0171ek, nagyon mutat\u00f3sak, m\u00e1jus- j\u00faniusban ny\u00edlnak. Vir\u00e1gz\u00e1s ut\u00e1n \u00e9rdemes vissza metszeni. Napos, f\u00e9l\u00e1rny\u00e9kos helyre, meszes, laza talajba val\u00f3. A sz\u00e1razs\u00e1got j\u00f3l t\u0171ri. \u00dcltethetj\u00fck szoliterk\u00e9nt vagy","twitter:image":"https:\/\/szel-pasztorkerteszet.hu\/wp-content\/uploads\/2022\/03\/Caragana-arb-walker.jpg","twitter:label1":"Est. reading time","twitter:data1":"1 minute"},"aioseo_meta_data":{"post_id":"2893","title":null,"description":null,"keywords":null,"keyphrases":{"focus":{"keyphrase":"","score":0,"analysis":{"keyphraseInTitle":{"score":0,"maxScore":9,"error":1}}},"additional":[]},"primary_term":null,"canonical_url":null,"og_title":null,"og_description":null,"og_object_type":"default","og_image_type":"featured","og_image_url":"https:\/\/szel-pasztorkerteszet.hu\/wp-content\/uploads\/2022\/03\/Caragana-arb-walker.jpg","og_image_width":"1431","og_image_height":"1423","og_image_custom_url":null,"og_image_custom_fields":null,"og_video":"","og_custom_url":null,"og_article_section":null,"og_article_tags":null,"twitter_use_og":true,"twitter_card":"default","twitter_image_type":"default","twitter_image_url":null,"twitter_image_custom_url":null,"twitter_image_custom_fields":null,"twitter_title":null,"twitter_description":null,"schema":{"blockGraphs":[],"customGraphs":[],"default":{"data":{"Article":[],"Course":[],"Dataset":[],"FAQPage":[],"Movie":[],"Person":[],"Product":[],"ProductReview":[],"Car":[],"Recipe":[],"Service":[],"SoftwareApplication":[],"WebPage":[]},"graphName":"WebPage","isEnabled":true},"graphs":[]},"schema_type":"default","schema_type_options":"{\"article\":{\"articleType\":\"BlogPosting\"},\"course\":{\"name\":\"\",\"description\":\"\",\"provider\":\"\"},\"faq\":{\"pages\":[]},\"product\":{\"reviews\":[]},\"recipe\":{\"ingredients\":[],\"instructions\":[],\"keywords\":[]},\"software\":{\"reviews\":[],\"operatingSystems\":[]},\"webPage\":{\"webPageType\":\"WebPage\"}}","pillar_content":false,"robots_default":true,"robots_noindex":false,"robots_noarchive":false,"robots_nosnippet":false,"robots_nofollow":false,"robots_noimageindex":false,"robots_noodp":false,"robots_notranslate":false,"robots_max_snippet":"-1","robots_max_videopreview":"-1","robots_max_imagepreview":"large","priority":null,"frequency":"default","local_seo":null,"limit_modified_date":false,"created":"2022-03-18 18:15:18","updated":"2026-08-31 20:23:52","focus_keyword":null,"additional_keywords":null,"truseo_locale":null,"ai":null,"breadcrumb_settings":null,"seo_analyzer_scan_date":null},"aioseo_breadcrumb":"<div class=\"aioseo-breadcrumbs\"><span class=\"aioseo-breadcrumb\">\n\t\t\t<a href=\"https:\/\/szel-pasztorkerteszet.hu\" title=\"Home\">Home<\/a>\n\t\t<\/span><span class=\"aioseo-breadcrumb-separator\">&raquo;<\/span><span class=\"aioseo-breadcrumb\">\n\t\t\t<a href=\"https:\/\/szel-pasztorkerteszet.hu\/?page_id=53\" title=\"\u00dczlet\">\u00dczlet<\/a>\n\t\t<\/span><span class=\"aioseo-breadcrumb-separator\">&raquo;<\/span><span class=\"aioseo-breadcrumb\">\n\t\t\t<a href=\"https:\/\/szel-pasztorkerteszet.hu\/?product_cat=formara-nyirt-novenyek\" title=\"Form\u00e1ra ny\u00edrt n\u00f6v\u00e9nyek\">Form\u00e1ra ny\u00edrt n\u00f6v\u00e9nyek<\/a>\n\t\t<\/span><span class=\"aioseo-breadcrumb-separator\">&raquo;<\/span><span class=\"aioseo-breadcrumb\">\n\t\t\tCaragana arborescens \u2018Walker\u2019\/ Keskenylevel\u0171 cs\u00fcng\u0151 bors\u00f3fa\n\t\t<\/span><\/div>","aioseo_breadcrumb_json":[{"label":"Home","link":"https:\/\/szel-pasztorkerteszet.hu"},{"label":"\u00dczlet","link":"https:\/\/szel-pasztorkerteszet.hu\/?page_id=53"},{"label":"Form\u00e1ra ny\u00edrt n\u00f6v\u00e9nyek","link":"https:\/\/szel-pasztorkerteszet.hu\/?product_cat=formara-nyirt-novenyek"},{"label":"Caragana arborescens &#8216;Walker&#8217;\/ Keskenylevel\u0171 cs\u00fcng\u0151 bors\u00f3fa","link":"https:\/\/szel-pasztorkerteszet.hu\/?product=caragana-arborescens-walker-keskenylevelu-csungo-borsofa"}],"_links":{"self":[{"href":"https:\/\/szel-pasztorkerteszet.hu\/index.php?rest_route=\/wp\/v2\/product\/2893","targetHints":{"allow":["GET"]}}],"collection":[{"href":"https:\/\/szel-pasztorkerteszet.hu\/index.php?rest_route=\/wp\/v2\/product"}],"about":[{"href":"https:\/\/szel-pasztorkerteszet.hu\/index.php?rest_route=\/wp\/v2\/types\/product"}],"replies":[{"embeddable":true,"href":"https:\/\/szel-pasztorkerteszet.hu\/index.php?rest_route=%2Fwp%2Fv2%2Fcomments&post=2893"}],"wp:featuredmedia":[{"embeddable":true,"href":"https:\/\/szel-pasztorkerteszet.hu\/index.php?rest_route=\/wp\/v2\/media\/2870"}],"wp:attachment":[{"href":"https:\/\/szel-pasztorkerteszet.hu\/index.php?rest_route=%2Fwp%2Fv2%2Fmedia&parent=2893"}],"wp:term":[{"taxonomy":"product_brand","embeddable":true,"href":"https:\/\/szel-pasztorkerteszet.hu\/index.php?rest_route=%2Fwp%2Fv2%2Fproduct_brand&post=2893"},{"taxonomy":"product_cat","embeddable":true,"href":"https:\/\/szel-pasztorkerteszet.hu\/index.php?rest_route=%2Fwp%2Fv2%2Fproduct_cat&post=2893"},{"taxonomy":"product_tag","embeddable":true,"href":"https:\/\/szel-pasztorkerteszet.hu\/index.php?rest_route=%2Fwp%2Fv2%2Fproduct_tag&post=2893"}],"curies":[{"name":"wp","href":"https:\/\/api.w.org\/{rel}","templated":true}]}}