{"id":4161,"date":"2022-10-01T10:29:31","date_gmt":"2022-10-01T10:29:31","guid":{"rendered":"https:\/\/szel-pasztorkerteszet.hu\/?post_type=product&#038;p=4161"},"modified":"2026-07-11T15:56:23","modified_gmt":"2026-07-11T15:56:23","slug":"robinia-pseudoacacia-umbraculifera-gombakac","status":"publish","type":"product","link":"https:\/\/szel-pasztorkerteszet.hu\/?product=robinia-pseudoacacia-umbraculifera-gombakac","title":{"rendered":"Robinia pseudoacacia &#8216;Umbraculifera&#8217;\/ G\u00f6mbak\u00e1c"},"content":{"rendered":"<p>Robinia pseudoacacia &#8216;Umbraculifera&#8217;- G\u00f6mbak\u00e1c<\/p>\n<p>2- 2,2 m\u00e9ter magas t\u00f6rzsre oltott, szab\u00e1lyos g\u00f6mbkoron\u00e1j\u00fa fa. Koron\u00e1ja 3-4 m sz\u00e9lesre n\u0151. Vir\u00e1gai \u00e9s t\u00fcsk\u00e9i nincsenek. Kiv\u00e1l\u00f3 sz\u00e1razs\u00e1gt\u0171r\u0151, talajban sem v\u00e1logat. \u00dcltethetj\u00fck sorf\u00e1nak vagy szoliterk\u00e9nt is.<\/p>\n<p>T\u00e9l\u00e1ll\u00f3s\u00e1gi z\u00f3na: 5a -28,9C<\/p>\n<p>A n\u00f6v\u00e9ny m\u00e9rete miatt postai \u00faton nem sz\u00e1ll\u00edthat\u00f3!<\/p>\n<p>30L-es kont\u00e9nerben 240\/260 cm, Tm: 10\/12<\/p>\n<p>Kiz\u00e1r\u00f3lag kert\u00e9szeti \u00e1tv\u00e9tellel vagy saj\u00e1t aut\u00f3s kisz\u00e1ll\u00edt\u00e1ssal rendelhet\u0151!<\/p>\n","protected":false},"excerpt":{"rendered":"<p>Robinia pseudoacacia &#8216;Umbraculifera&#8217;- G\u00f6mbak\u00e1c 2- 2,2 m\u00e9ter magas t\u00f6rzsre oltott, szab\u00e1lyos g\u00f6mbkoron\u00e1j\u00fa fa. Koron\u00e1ja 3-4 m sz\u00e9lesre n\u0151. Vir\u00e1gai \u00e9s t\u00fcsk\u00e9i nincsenek. Kiv\u00e1l\u00f3 sz\u00e1razs\u00e1gt\u0171r\u0151, talajban sem v\u00e1logat. \u00dcltethetj\u00fck sorf\u00e1nak vagy szoliterk\u00e9nt is. T\u00e9l\u00e1ll\u00f3s\u00e1gi z\u00f3na: 5a -28,9C A n\u00f6v\u00e9ny m\u00e9rete miatt postai \u00faton nem sz\u00e1ll\u00edthat\u00f3! 30L-es kont\u00e9nerben 240\/260 cm, Tm: 10\/12 Kiz\u00e1r\u00f3lag kert\u00e9szeti \u00e1tv\u00e9tellel vagy saj\u00e1t [&hellip;]<\/p>\n","protected":false},"featured_media":4154,"comment_status":"open","ping_status":"closed","template":"","meta":{"_monsterinsights_skip_tracking":false,"_monsterinsights_sitenote_active":false,"_monsterinsights_sitenote_note":"","_monsterinsights_sitenote_category":0},"product_brand":[],"product_cat":[376,38,33],"product_tag":[504,241,503],"class_list":["post-4161","product","type-product","status-publish","has-post-thumbnail","product_cat-akcios-termekek","product_cat-diszfak","product_cat-formara-nyirt-novenyek","product_tag-akac","product_tag-diszfa","product_tag-gombakac","first","outofstock","sale","taxable","shipping-taxable","purchasable","product-type-simple"],"aioseo_notices":[],"aioseo_head":"\n\t\t<!-- All in One SEO 5.0.1 - aioseo.com -->\n\t<meta name=\"description\" content=\"Robinia pseudoacacia &#039;Umbraculifera&#039;- G\u00f6mbak\u00e1c 2- 2,2 m\u00e9ter magas t\u00f6rzsre oltott, szab\u00e1lyos g\u00f6mbkoron\u00e1j\u00fa fa. Koron\u00e1ja 3-4 m sz\u00e9lesre n\u0151. Vir\u00e1gai \u00e9s t\u00fcsk\u00e9i nincsenek. Kiv\u00e1l\u00f3 sz\u00e1razs\u00e1gt\u0171r\u0151, talajban sem v\u00e1logat. \u00dcltethetj\u00fck sorf\u00e1nak vagy szoliterk\u00e9nt is. T\u00e9l\u00e1ll\u00f3s\u00e1gi z\u00f3na: 5a -28,9C A n\u00f6v\u00e9ny m\u00e9rete miatt postai \u00faton nem sz\u00e1ll\u00edthat\u00f3! 30L-es kont\u00e9nerben 240\/260 cm, Tm: 10\/12 Kiz\u00e1r\u00f3lag kert\u00e9szeti \u00e1tv\u00e9tellel vagy saj\u00e1t\" \/>\n\t<meta name=\"robots\" content=\"max-image-preview:large\" \/>\n\t<link rel=\"canonical\" href=\"https:\/\/szel-pasztorkerteszet.hu\/?product=robinia-pseudoacacia-umbraculifera-gombakac\" \/>\n\t<meta name=\"generator\" content=\"All in One SEO (AIOSEO) 5.0.1\" \/>\n\t\t<meta property=\"og:locale\" content=\"hu_HU\" \/>\n\t\t<meta property=\"og:site_name\" content=\"Sz\u00e9l &amp; P\u00e1sztor kert\u00e9szet\" \/>\n\t\t<meta property=\"og:type\" content=\"article\" \/>\n\t\t<meta property=\"og:title\" content=\"Robinia pseudoacacia \u2018Umbraculifera\u2019\/ G\u00f6mbak\u00e1c - Sz\u00e9l &amp; P\u00e1sztor kert\u00e9szet\" \/>\n\t\t<meta property=\"og:description\" content=\"Robinia pseudoacacia &#039;Umbraculifera&#039;- G\u00f6mbak\u00e1c 2- 2,2 m\u00e9ter magas t\u00f6rzsre oltott, szab\u00e1lyos g\u00f6mbkoron\u00e1j\u00fa fa. Koron\u00e1ja 3-4 m sz\u00e9lesre n\u0151. Vir\u00e1gai \u00e9s t\u00fcsk\u00e9i nincsenek. Kiv\u00e1l\u00f3 sz\u00e1razs\u00e1gt\u0171r\u0151, talajban sem v\u00e1logat. \u00dcltethetj\u00fck sorf\u00e1nak vagy szoliterk\u00e9nt is. T\u00e9l\u00e1ll\u00f3s\u00e1gi z\u00f3na: 5a -28,9C A n\u00f6v\u00e9ny m\u00e9rete miatt postai \u00faton nem sz\u00e1ll\u00edthat\u00f3! 30L-es kont\u00e9nerben 240\/260 cm, Tm: 10\/12 Kiz\u00e1r\u00f3lag kert\u00e9szeti \u00e1tv\u00e9tellel vagy saj\u00e1t\" \/>\n\t\t<meta property=\"og:url\" content=\"https:\/\/szel-pasztorkerteszet.hu\/?product=robinia-pseudoacacia-umbraculifera-gombakac\" \/>\n\t\t<meta property=\"og:image\" content=\"https:\/\/szel-pasztorkerteszet.hu\/wp-content\/uploads\/2022\/03\/Szel-Pasztor-logo-02.jpg\" \/>\n\t\t<meta property=\"og:image:secure_url\" content=\"https:\/\/szel-pasztorkerteszet.hu\/wp-content\/uploads\/2022\/03\/Szel-Pasztor-logo-02.jpg\" \/>\n\t\t<meta property=\"og:image:width\" content=\"1431\" \/>\n\t\t<meta property=\"og:image:height\" content=\"1423\" \/>\n\t\t<meta property=\"article:published_time\" content=\"2022-10-01T10:29:31+00:00\" \/>\n\t\t<meta property=\"article:modified_time\" content=\"2026-07-11T15:56:23+00:00\" \/>\n\t\t<meta property=\"article:publisher\" content=\"https:\/\/www.facebook.com\/szel.pasztor.kerteszet\/\" \/>\n\t\t<meta name=\"twitter:card\" content=\"summary_large_image\" \/>\n\t\t<meta name=\"twitter:title\" content=\"Robinia pseudoacacia \u2018Umbraculifera\u2019\/ G\u00f6mbak\u00e1c - Sz\u00e9l &amp; P\u00e1sztor kert\u00e9szet\" \/>\n\t\t<meta name=\"twitter:description\" content=\"Robinia pseudoacacia &#039;Umbraculifera&#039;- G\u00f6mbak\u00e1c 2- 2,2 m\u00e9ter magas t\u00f6rzsre oltott, szab\u00e1lyos g\u00f6mbkoron\u00e1j\u00fa fa. Koron\u00e1ja 3-4 m sz\u00e9lesre n\u0151. Vir\u00e1gai \u00e9s t\u00fcsk\u00e9i nincsenek. Kiv\u00e1l\u00f3 sz\u00e1razs\u00e1gt\u0171r\u0151, talajban sem v\u00e1logat. \u00dcltethetj\u00fck sorf\u00e1nak vagy szoliterk\u00e9nt is. T\u00e9l\u00e1ll\u00f3s\u00e1gi z\u00f3na: 5a -28,9C A n\u00f6v\u00e9ny m\u00e9rete miatt postai \u00faton nem sz\u00e1ll\u00edthat\u00f3! 30L-es kont\u00e9nerben 240\/260 cm, Tm: 10\/12 Kiz\u00e1r\u00f3lag kert\u00e9szeti \u00e1tv\u00e9tellel vagy saj\u00e1t\" \/>\n\t\t<meta name=\"twitter:image\" content=\"https:\/\/szel-pasztorkerteszet.hu\/wp-content\/uploads\/2022\/03\/Szel-Pasztor-logo-02.jpg\" \/>\n\t\t<script type=\"application\/ld+json\" class=\"aioseo-schema\">\n\t\t\t{\"@context\":\"https:\\\/\\\/schema.org\",\"@graph\":[{\"@type\":\"BreadcrumbList\",\"@id\":\"https:\\\/\\\/szel-pasztorkerteszet.hu\\\/?product=robinia-pseudoacacia-umbraculifera-gombakac#breadcrumblist\",\"itemListElement\":[{\"@type\":\"ListItem\",\"@id\":\"https:\\\/\\\/szel-pasztorkerteszet.hu#listItem\",\"position\":1,\"name\":\"Home\",\"item\":\"https:\\\/\\\/szel-pasztorkerteszet.hu\",\"nextItem\":{\"@type\":\"ListItem\",\"@id\":\"https:\\\/\\\/szel-pasztorkerteszet.hu\\\/?page_id=53#listItem\",\"name\":\"\\u00dczlet\"}},{\"@type\":\"ListItem\",\"@id\":\"https:\\\/\\\/szel-pasztorkerteszet.hu\\\/?page_id=53#listItem\",\"position\":2,\"name\":\"\\u00dczlet\",\"item\":\"https:\\\/\\\/szel-pasztorkerteszet.hu\\\/?page_id=53\",\"nextItem\":{\"@type\":\"ListItem\",\"@id\":\"https:\\\/\\\/szel-pasztorkerteszet.hu\\\/?product_cat=formara-nyirt-novenyek#listItem\",\"name\":\"Form\\u00e1ra ny\\u00edrt n\\u00f6v\\u00e9nyek\"},\"previousItem\":{\"@type\":\"ListItem\",\"@id\":\"https:\\\/\\\/szel-pasztorkerteszet.hu#listItem\",\"name\":\"Home\"}},{\"@type\":\"ListItem\",\"@id\":\"https:\\\/\\\/szel-pasztorkerteszet.hu\\\/?product_cat=formara-nyirt-novenyek#listItem\",\"position\":3,\"name\":\"Form\\u00e1ra ny\\u00edrt n\\u00f6v\\u00e9nyek\",\"item\":\"https:\\\/\\\/szel-pasztorkerteszet.hu\\\/?product_cat=formara-nyirt-novenyek\",\"nextItem\":{\"@type\":\"ListItem\",\"@id\":\"https:\\\/\\\/szel-pasztorkerteszet.hu\\\/?product=robinia-pseudoacacia-umbraculifera-gombakac#listItem\",\"name\":\"Robinia pseudoacacia &#8216;Umbraculifera&#8217;\\\/ G\\u00f6mbak\\u00e1c\"},\"previousItem\":{\"@type\":\"ListItem\",\"@id\":\"https:\\\/\\\/szel-pasztorkerteszet.hu\\\/?page_id=53#listItem\",\"name\":\"\\u00dczlet\"}},{\"@type\":\"ListItem\",\"@id\":\"https:\\\/\\\/szel-pasztorkerteszet.hu\\\/?product=robinia-pseudoacacia-umbraculifera-gombakac#listItem\",\"position\":4,\"name\":\"Robinia pseudoacacia &#8216;Umbraculifera&#8217;\\\/ G\\u00f6mbak\\u00e1c\",\"previousItem\":{\"@type\":\"ListItem\",\"@id\":\"https:\\\/\\\/szel-pasztorkerteszet.hu\\\/?product_cat=formara-nyirt-novenyek#listItem\",\"name\":\"Form\\u00e1ra ny\\u00edrt n\\u00f6v\\u00e9nyek\"}}]},{\"@type\":\"Organization\",\"@id\":\"https:\\\/\\\/szel-pasztorkerteszet.hu\\\/#organization\",\"name\":\"Sz\\u00e9l & P\\u00e1sztor Kert\\u00e9szet - Pell\\u00e9rd\",\"description\":\"N\\u00f6v\\u00e9nyek \\u00e9s kert\\u00e9szeti term\\u00e9kek\",\"url\":\"https:\\\/\\\/szel-pasztorkerteszet.hu\\\/\",\"telephone\":\"+36204296111\",\"logo\":{\"@type\":\"ImageObject\",\"url\":\"https:\\\/\\\/szel-pasztorkerteszet.hu\\\/wp-content\\\/uploads\\\/2022\\\/03\\\/Szel-Pasztor-logo-02.jpg\",\"@id\":\"https:\\\/\\\/szel-pasztorkerteszet.hu\\\/?product=robinia-pseudoacacia-umbraculifera-gombakac\\\/#organizationLogo\",\"width\":1431,\"height\":1423},\"image\":{\"@id\":\"https:\\\/\\\/szel-pasztorkerteszet.hu\\\/?product=robinia-pseudoacacia-umbraculifera-gombakac\\\/#organizationLogo\"},\"sameAs\":[\"https:\\\/\\\/www.facebook.com\\\/szel.pasztor.kerteszet\\\/\"]},{\"@type\":\"WebPage\",\"@id\":\"https:\\\/\\\/szel-pasztorkerteszet.hu\\\/?product=robinia-pseudoacacia-umbraculifera-gombakac#webpage\",\"url\":\"https:\\\/\\\/szel-pasztorkerteszet.hu\\\/?product=robinia-pseudoacacia-umbraculifera-gombakac\",\"name\":\"Robinia pseudoacacia \\u2018Umbraculifera\\u2019\\\/ G\\u00f6mbak\\u00e1c - Sz\\u00e9l & P\\u00e1sztor kert\\u00e9szet\",\"description\":\"Robinia pseudoacacia 'Umbraculifera'- G\\u00f6mbak\\u00e1c 2- 2,2 m\\u00e9ter magas t\\u00f6rzsre oltott, szab\\u00e1lyos g\\u00f6mbkoron\\u00e1j\\u00fa fa. Koron\\u00e1ja 3-4 m sz\\u00e9lesre n\\u0151. Vir\\u00e1gai \\u00e9s t\\u00fcsk\\u00e9i nincsenek. Kiv\\u00e1l\\u00f3 sz\\u00e1razs\\u00e1gt\\u0171r\\u0151, talajban sem v\\u00e1logat. \\u00dcltethetj\\u00fck sorf\\u00e1nak vagy szoliterk\\u00e9nt is. T\\u00e9l\\u00e1ll\\u00f3s\\u00e1gi z\\u00f3na: 5a -28,9C A n\\u00f6v\\u00e9ny m\\u00e9rete miatt postai \\u00faton nem sz\\u00e1ll\\u00edthat\\u00f3! 30L-es kont\\u00e9nerben 240\\\/260 cm, Tm: 10\\\/12 Kiz\\u00e1r\\u00f3lag kert\\u00e9szeti \\u00e1tv\\u00e9tellel vagy saj\\u00e1t\",\"inLanguage\":\"hu-HU\",\"isPartOf\":{\"@id\":\"https:\\\/\\\/szel-pasztorkerteszet.hu\\\/#website\"},\"breadcrumb\":{\"@id\":\"https:\\\/\\\/szel-pasztorkerteszet.hu\\\/?product=robinia-pseudoacacia-umbraculifera-gombakac#breadcrumblist\"},\"image\":{\"@type\":\"ImageObject\",\"url\":\"https:\\\/\\\/szel-pasztorkerteszet.hu\\\/wp-content\\\/uploads\\\/2022\\\/10\\\/Screenshot_20220929-194407_Samsung-Internet.jpg\",\"@id\":\"https:\\\/\\\/szel-pasztorkerteszet.hu\\\/?product=robinia-pseudoacacia-umbraculifera-gombakac\\\/#mainImage\",\"width\":595,\"height\":596},\"primaryImageOfPage\":{\"@id\":\"https:\\\/\\\/szel-pasztorkerteszet.hu\\\/?product=robinia-pseudoacacia-umbraculifera-gombakac#mainImage\"},\"datePublished\":\"2022-10-01T10:29:31+00:00\",\"dateModified\":\"2026-07-11T15:56:23+00:00\"},{\"@type\":\"WebSite\",\"@id\":\"https:\\\/\\\/szel-pasztorkerteszet.hu\\\/#website\",\"url\":\"https:\\\/\\\/szel-pasztorkerteszet.hu\\\/\",\"name\":\"Sz\\u00e9l & P\\u00e1sztor Kert\\u00e9szet\",\"description\":\"N\\u00f6v\\u00e9nyek \\u00e9s kert\\u00e9szeti term\\u00e9kek\",\"inLanguage\":\"hu-HU\",\"publisher\":{\"@id\":\"https:\\\/\\\/szel-pasztorkerteszet.hu\\\/#organization\"}}]}\n\t\t<\/script>\n\t\t<!-- All in One SEO -->\n\n","aioseo_head_json":{"title":"Robinia pseudoacacia \u2018Umbraculifera\u2019\/ G\u00f6mbak\u00e1c - Sz\u00e9l & P\u00e1sztor kert\u00e9szet","description":"Robinia pseudoacacia 'Umbraculifera'- G\u00f6mbak\u00e1c 2- 2,2 m\u00e9ter magas t\u00f6rzsre oltott, szab\u00e1lyos g\u00f6mbkoron\u00e1j\u00fa fa. Koron\u00e1ja 3-4 m sz\u00e9lesre n\u0151. Vir\u00e1gai \u00e9s t\u00fcsk\u00e9i nincsenek. Kiv\u00e1l\u00f3 sz\u00e1razs\u00e1gt\u0171r\u0151, talajban sem v\u00e1logat. \u00dcltethetj\u00fck sorf\u00e1nak vagy szoliterk\u00e9nt is. T\u00e9l\u00e1ll\u00f3s\u00e1gi z\u00f3na: 5a -28,9C A n\u00f6v\u00e9ny m\u00e9rete miatt postai \u00faton nem sz\u00e1ll\u00edthat\u00f3! 30L-es kont\u00e9nerben 240\/260 cm, Tm: 10\/12 Kiz\u00e1r\u00f3lag kert\u00e9szeti \u00e1tv\u00e9tellel vagy saj\u00e1t","canonical_url":"https:\/\/szel-pasztorkerteszet.hu\/?product=robinia-pseudoacacia-umbraculifera-gombakac","robots":"max-image-preview:large","keywords":"","webmasterTools":{"miscellaneous":""},"schema":{"@context":"https:\/\/schema.org","@graph":[{"@type":"BreadcrumbList","@id":"https:\/\/szel-pasztorkerteszet.hu\/?product=robinia-pseudoacacia-umbraculifera-gombakac#breadcrumblist","itemListElement":[{"@type":"ListItem","@id":"https:\/\/szel-pasztorkerteszet.hu#listItem","position":1,"name":"Home","item":"https:\/\/szel-pasztorkerteszet.hu","nextItem":{"@type":"ListItem","@id":"https:\/\/szel-pasztorkerteszet.hu\/?page_id=53#listItem","name":"\u00dczlet"}},{"@type":"ListItem","@id":"https:\/\/szel-pasztorkerteszet.hu\/?page_id=53#listItem","position":2,"name":"\u00dczlet","item":"https:\/\/szel-pasztorkerteszet.hu\/?page_id=53","nextItem":{"@type":"ListItem","@id":"https:\/\/szel-pasztorkerteszet.hu\/?product_cat=formara-nyirt-novenyek#listItem","name":"Form\u00e1ra ny\u00edrt n\u00f6v\u00e9nyek"},"previousItem":{"@type":"ListItem","@id":"https:\/\/szel-pasztorkerteszet.hu#listItem","name":"Home"}},{"@type":"ListItem","@id":"https:\/\/szel-pasztorkerteszet.hu\/?product_cat=formara-nyirt-novenyek#listItem","position":3,"name":"Form\u00e1ra ny\u00edrt n\u00f6v\u00e9nyek","item":"https:\/\/szel-pasztorkerteszet.hu\/?product_cat=formara-nyirt-novenyek","nextItem":{"@type":"ListItem","@id":"https:\/\/szel-pasztorkerteszet.hu\/?product=robinia-pseudoacacia-umbraculifera-gombakac#listItem","name":"Robinia pseudoacacia &#8216;Umbraculifera&#8217;\/ G\u00f6mbak\u00e1c"},"previousItem":{"@type":"ListItem","@id":"https:\/\/szel-pasztorkerteszet.hu\/?page_id=53#listItem","name":"\u00dczlet"}},{"@type":"ListItem","@id":"https:\/\/szel-pasztorkerteszet.hu\/?product=robinia-pseudoacacia-umbraculifera-gombakac#listItem","position":4,"name":"Robinia pseudoacacia &#8216;Umbraculifera&#8217;\/ G\u00f6mbak\u00e1c","previousItem":{"@type":"ListItem","@id":"https:\/\/szel-pasztorkerteszet.hu\/?product_cat=formara-nyirt-novenyek#listItem","name":"Form\u00e1ra ny\u00edrt n\u00f6v\u00e9nyek"}}]},{"@type":"Organization","@id":"https:\/\/szel-pasztorkerteszet.hu\/#organization","name":"Sz\u00e9l & P\u00e1sztor Kert\u00e9szet - Pell\u00e9rd","description":"N\u00f6v\u00e9nyek \u00e9s kert\u00e9szeti term\u00e9kek","url":"https:\/\/szel-pasztorkerteszet.hu\/","telephone":"+36204296111","logo":{"@type":"ImageObject","url":"https:\/\/szel-pasztorkerteszet.hu\/wp-content\/uploads\/2022\/03\/Szel-Pasztor-logo-02.jpg","@id":"https:\/\/szel-pasztorkerteszet.hu\/?product=robinia-pseudoacacia-umbraculifera-gombakac\/#organizationLogo","width":1431,"height":1423},"image":{"@id":"https:\/\/szel-pasztorkerteszet.hu\/?product=robinia-pseudoacacia-umbraculifera-gombakac\/#organizationLogo"},"sameAs":["https:\/\/www.facebook.com\/szel.pasztor.kerteszet\/"]},{"@type":"WebPage","@id":"https:\/\/szel-pasztorkerteszet.hu\/?product=robinia-pseudoacacia-umbraculifera-gombakac#webpage","url":"https:\/\/szel-pasztorkerteszet.hu\/?product=robinia-pseudoacacia-umbraculifera-gombakac","name":"Robinia pseudoacacia \u2018Umbraculifera\u2019\/ G\u00f6mbak\u00e1c - Sz\u00e9l & P\u00e1sztor kert\u00e9szet","description":"Robinia pseudoacacia 'Umbraculifera'- G\u00f6mbak\u00e1c 2- 2,2 m\u00e9ter magas t\u00f6rzsre oltott, szab\u00e1lyos g\u00f6mbkoron\u00e1j\u00fa fa. Koron\u00e1ja 3-4 m sz\u00e9lesre n\u0151. Vir\u00e1gai \u00e9s t\u00fcsk\u00e9i nincsenek. Kiv\u00e1l\u00f3 sz\u00e1razs\u00e1gt\u0171r\u0151, talajban sem v\u00e1logat. \u00dcltethetj\u00fck sorf\u00e1nak vagy szoliterk\u00e9nt is. T\u00e9l\u00e1ll\u00f3s\u00e1gi z\u00f3na: 5a -28,9C A n\u00f6v\u00e9ny m\u00e9rete miatt postai \u00faton nem sz\u00e1ll\u00edthat\u00f3! 30L-es kont\u00e9nerben 240\/260 cm, Tm: 10\/12 Kiz\u00e1r\u00f3lag kert\u00e9szeti \u00e1tv\u00e9tellel vagy saj\u00e1t","inLanguage":"hu-HU","isPartOf":{"@id":"https:\/\/szel-pasztorkerteszet.hu\/#website"},"breadcrumb":{"@id":"https:\/\/szel-pasztorkerteszet.hu\/?product=robinia-pseudoacacia-umbraculifera-gombakac#breadcrumblist"},"image":{"@type":"ImageObject","url":"https:\/\/szel-pasztorkerteszet.hu\/wp-content\/uploads\/2022\/10\/Screenshot_20220929-194407_Samsung-Internet.jpg","@id":"https:\/\/szel-pasztorkerteszet.hu\/?product=robinia-pseudoacacia-umbraculifera-gombakac\/#mainImage","width":595,"height":596},"primaryImageOfPage":{"@id":"https:\/\/szel-pasztorkerteszet.hu\/?product=robinia-pseudoacacia-umbraculifera-gombakac#mainImage"},"datePublished":"2022-10-01T10:29:31+00:00","dateModified":"2026-07-11T15:56:23+00:00"},{"@type":"WebSite","@id":"https:\/\/szel-pasztorkerteszet.hu\/#website","url":"https:\/\/szel-pasztorkerteszet.hu\/","name":"Sz\u00e9l & P\u00e1sztor Kert\u00e9szet","description":"N\u00f6v\u00e9nyek \u00e9s kert\u00e9szeti term\u00e9kek","inLanguage":"hu-HU","publisher":{"@id":"https:\/\/szel-pasztorkerteszet.hu\/#organization"}}]},"og:locale":"hu_HU","og:site_name":"Sz\u00e9l &amp; P\u00e1sztor kert\u00e9szet","og:type":"article","og:title":"Robinia pseudoacacia \u2018Umbraculifera\u2019\/ G\u00f6mbak\u00e1c - Sz\u00e9l &amp; P\u00e1sztor kert\u00e9szet","og:description":"Robinia pseudoacacia 'Umbraculifera'- G\u00f6mbak\u00e1c 2- 2,2 m\u00e9ter magas t\u00f6rzsre oltott, szab\u00e1lyos g\u00f6mbkoron\u00e1j\u00fa fa. Koron\u00e1ja 3-4 m sz\u00e9lesre n\u0151. Vir\u00e1gai \u00e9s t\u00fcsk\u00e9i nincsenek. Kiv\u00e1l\u00f3 sz\u00e1razs\u00e1gt\u0171r\u0151, talajban sem v\u00e1logat. \u00dcltethetj\u00fck sorf\u00e1nak vagy szoliterk\u00e9nt is. T\u00e9l\u00e1ll\u00f3s\u00e1gi z\u00f3na: 5a -28,9C A n\u00f6v\u00e9ny m\u00e9rete miatt postai \u00faton nem sz\u00e1ll\u00edthat\u00f3! 30L-es kont\u00e9nerben 240\/260 cm, Tm: 10\/12 Kiz\u00e1r\u00f3lag kert\u00e9szeti \u00e1tv\u00e9tellel vagy saj\u00e1t","og:url":"https:\/\/szel-pasztorkerteszet.hu\/?product=robinia-pseudoacacia-umbraculifera-gombakac","og:image":"https:\/\/szel-pasztorkerteszet.hu\/wp-content\/uploads\/2022\/03\/Szel-Pasztor-logo-02.jpg","og:image:secure_url":"https:\/\/szel-pasztorkerteszet.hu\/wp-content\/uploads\/2022\/03\/Szel-Pasztor-logo-02.jpg","og:image:width":1431,"og:image:height":1423,"article:published_time":"2022-10-01T10:29:31+00:00","article:modified_time":"2026-07-11T15:56:23+00:00","article:publisher":"https:\/\/www.facebook.com\/szel.pasztor.kerteszet\/","twitter:card":"summary_large_image","twitter:title":"Robinia pseudoacacia \u2018Umbraculifera\u2019\/ G\u00f6mbak\u00e1c - Sz\u00e9l &amp; P\u00e1sztor kert\u00e9szet","twitter:description":"Robinia pseudoacacia 'Umbraculifera'- G\u00f6mbak\u00e1c 2- 2,2 m\u00e9ter magas t\u00f6rzsre oltott, szab\u00e1lyos g\u00f6mbkoron\u00e1j\u00fa fa. Koron\u00e1ja 3-4 m sz\u00e9lesre n\u0151. Vir\u00e1gai \u00e9s t\u00fcsk\u00e9i nincsenek. Kiv\u00e1l\u00f3 sz\u00e1razs\u00e1gt\u0171r\u0151, talajban sem v\u00e1logat. \u00dcltethetj\u00fck sorf\u00e1nak vagy szoliterk\u00e9nt is. T\u00e9l\u00e1ll\u00f3s\u00e1gi z\u00f3na: 5a -28,9C A n\u00f6v\u00e9ny m\u00e9rete miatt postai \u00faton nem sz\u00e1ll\u00edthat\u00f3! 30L-es kont\u00e9nerben 240\/260 cm, Tm: 10\/12 Kiz\u00e1r\u00f3lag kert\u00e9szeti \u00e1tv\u00e9tellel vagy saj\u00e1t","twitter:image":"https:\/\/szel-pasztorkerteszet.hu\/wp-content\/uploads\/2022\/03\/Szel-Pasztor-logo-02.jpg"},"aioseo_meta_data":{"post_id":"4161","title":null,"description":null,"keywords":null,"keyphrases":{"focus":{"keyphrase":"","score":0,"analysis":{"keyphraseInTitle":{"score":0,"maxScore":9,"error":1}}},"additional":[]},"primary_term":null,"canonical_url":null,"og_title":null,"og_description":null,"og_object_type":"default","og_image_type":"default","og_image_url":null,"og_image_width":null,"og_image_height":null,"og_image_custom_url":null,"og_image_custom_fields":null,"og_video":"","og_custom_url":null,"og_article_section":null,"og_article_tags":null,"twitter_use_og":false,"twitter_card":"default","twitter_image_type":"default","twitter_image_url":null,"twitter_image_custom_url":null,"twitter_image_custom_fields":null,"twitter_title":null,"twitter_description":null,"schema":{"blockGraphs":[],"customGraphs":[],"default":{"data":{"Article":[],"Course":[],"Dataset":[],"FAQPage":[],"Movie":[],"Person":[],"Product":[],"ProductReview":[],"Car":[],"Recipe":[],"Service":[],"SoftwareApplication":[],"WebPage":[]},"graphName":"WebPage","isEnabled":true},"graphs":[]},"schema_type":"default","schema_type_options":"{\"article\":{\"articleType\":\"BlogPosting\"},\"course\":{\"name\":\"\",\"description\":\"\",\"provider\":\"\"},\"faq\":{\"pages\":[]},\"product\":{\"reviews\":[]},\"recipe\":{\"ingredients\":[],\"instructions\":[],\"keywords\":[]},\"software\":{\"reviews\":[],\"operatingSystems\":[]},\"webPage\":{\"webPageType\":\"WebPage\"}}","pillar_content":false,"robots_default":true,"robots_noindex":false,"robots_noarchive":false,"robots_nosnippet":false,"robots_nofollow":false,"robots_noimageindex":false,"robots_noodp":false,"robots_notranslate":false,"robots_max_snippet":"-1","robots_max_videopreview":"-1","robots_max_imagepreview":"large","priority":null,"frequency":"default","local_seo":null,"limit_modified_date":false,"created":"2022-10-01 10:29:03","updated":"2026-07-11 16:16:43","focus_keyword":null,"additional_keywords":null,"truseo_locale":null,"ai":null,"breadcrumb_settings":null,"seo_analyzer_scan_date":null},"aioseo_breadcrumb":"<div class=\"aioseo-breadcrumbs\"><span class=\"aioseo-breadcrumb\">\n\t\t\t<a href=\"https:\/\/szel-pasztorkerteszet.hu\" title=\"Home\">Home<\/a>\n\t\t<\/span><span class=\"aioseo-breadcrumb-separator\">&raquo;<\/span><span class=\"aioseo-breadcrumb\">\n\t\t\t<a href=\"https:\/\/szel-pasztorkerteszet.hu\/?page_id=53\" title=\"\u00dczlet\">\u00dczlet<\/a>\n\t\t<\/span><span class=\"aioseo-breadcrumb-separator\">&raquo;<\/span><span class=\"aioseo-breadcrumb\">\n\t\t\t<a href=\"https:\/\/szel-pasztorkerteszet.hu\/?product_cat=formara-nyirt-novenyek\" title=\"Form\u00e1ra ny\u00edrt n\u00f6v\u00e9nyek\">Form\u00e1ra ny\u00edrt n\u00f6v\u00e9nyek<\/a>\n\t\t<\/span><span class=\"aioseo-breadcrumb-separator\">&raquo;<\/span><span class=\"aioseo-breadcrumb\">\n\t\t\tRobinia pseudoacacia \u2018Umbraculifera\u2019\/ G\u00f6mbak\u00e1c\n\t\t<\/span><\/div>","aioseo_breadcrumb_json":[{"label":"Home","link":"https:\/\/szel-pasztorkerteszet.hu"},{"label":"\u00dczlet","link":"https:\/\/szel-pasztorkerteszet.hu\/?page_id=53"},{"label":"Form\u00e1ra ny\u00edrt n\u00f6v\u00e9nyek","link":"https:\/\/szel-pasztorkerteszet.hu\/?product_cat=formara-nyirt-novenyek"},{"label":"Robinia pseudoacacia &#8216;Umbraculifera&#8217;\/ G\u00f6mbak\u00e1c","link":"https:\/\/szel-pasztorkerteszet.hu\/?product=robinia-pseudoacacia-umbraculifera-gombakac"}],"_links":{"self":[{"href":"https:\/\/szel-pasztorkerteszet.hu\/index.php?rest_route=\/wp\/v2\/product\/4161","targetHints":{"allow":["GET"]}}],"collection":[{"href":"https:\/\/szel-pasztorkerteszet.hu\/index.php?rest_route=\/wp\/v2\/product"}],"about":[{"href":"https:\/\/szel-pasztorkerteszet.hu\/index.php?rest_route=\/wp\/v2\/types\/product"}],"replies":[{"embeddable":true,"href":"https:\/\/szel-pasztorkerteszet.hu\/index.php?rest_route=%2Fwp%2Fv2%2Fcomments&post=4161"}],"wp:featuredmedia":[{"embeddable":true,"href":"https:\/\/szel-pasztorkerteszet.hu\/index.php?rest_route=\/wp\/v2\/media\/4154"}],"wp:attachment":[{"href":"https:\/\/szel-pasztorkerteszet.hu\/index.php?rest_route=%2Fwp%2Fv2%2Fmedia&parent=4161"}],"wp:term":[{"taxonomy":"product_brand","embeddable":true,"href":"https:\/\/szel-pasztorkerteszet.hu\/index.php?rest_route=%2Fwp%2Fv2%2Fproduct_brand&post=4161"},{"taxonomy":"product_cat","embeddable":true,"href":"https:\/\/szel-pasztorkerteszet.hu\/index.php?rest_route=%2Fwp%2Fv2%2Fproduct_cat&post=4161"},{"taxonomy":"product_tag","embeddable":true,"href":"https:\/\/szel-pasztorkerteszet.hu\/index.php?rest_route=%2Fwp%2Fv2%2Fproduct_tag&post=4161"}],"curies":[{"name":"wp","href":"https:\/\/api.w.org\/{rel}","templated":true}]}}