{"id":6929,"date":"2025-03-13T11:25:44","date_gmt":"2025-03-13T11:25:44","guid":{"rendered":"https:\/\/szel-pasztorkerteszet.hu\/?post_type=product&#038;p=6929"},"modified":"2026-03-07T14:27:01","modified_gmt":"2026-03-07T14:27:01","slug":"gaultheria-procumbens-kuszo-fajdbogyo","status":"publish","type":"product","link":"https:\/\/szel-pasztorkerteszet.hu\/?product=gaultheria-procumbens-kuszo-fajdbogyo","title":{"rendered":"Gaultheria procumbens \/ K\u00fasz\u00f3 fajdbogy\u00f3"},"content":{"rendered":"<p>Gaultheria procumbens &#8211; K\u00fasz\u00f3 fajdbogy\u00f3<\/p>\n<p>Alacsony termet\u0171, kb 20 cm magas \u00f6r\u00f6kz\u00f6ld t\u00f6rpecserje. Apr\u00f3 feh\u00e9r harangalak\u00fa vir\u00e1gait ny\u00e1ron hozza, ezekb\u0151l fejl\u0151dnek \u0151szre g\u00f6mb\u00f6ly\u0171, f\u00e9nyes piros term\u00e9sei. Hajt\u00e1srendszere kiss\u00e9 ter\u00fcl\u0151, cs\u00fcng\u0151. Az \u00e1rny\u00e9kosabb r\u00e9szeken, savany\u00fa talajban \u00e9rzi j\u00f3l mag\u00e1t.<\/p>\n<p>A term\u00e9ket 12 cm-es kont\u00e9nerben kb 10 cm-es m\u00e9retben sz\u00e1ll\u00edtjuk!<\/p>\n","protected":false},"excerpt":{"rendered":"<p>Gaultheria procumbens &#8211; K\u00fasz\u00f3 fajdbogy\u00f3 Alacsony termet\u0171, kb 20 cm magas \u00f6r\u00f6kz\u00f6ld t\u00f6rpecserje. Apr\u00f3 feh\u00e9r harangalak\u00fa vir\u00e1gait ny\u00e1ron hozza, ezekb\u0151l fejl\u0151dnek \u0151szre g\u00f6mb\u00f6ly\u0171, f\u00e9nyes piros term\u00e9sei. Hajt\u00e1srendszere kiss\u00e9 ter\u00fcl\u0151, cs\u00fcng\u0151. Az \u00e1rny\u00e9kosabb r\u00e9szeken, savany\u00fa talajban \u00e9rzi j\u00f3l mag\u00e1t. A term\u00e9ket 12 cm-es kont\u00e9nerben kb 10 cm-es m\u00e9retben sz\u00e1ll\u00edtjuk!<\/p>\n","protected":false},"featured_media":6884,"comment_status":"open","ping_status":"closed","template":"","meta":{"_monsterinsights_skip_tracking":false,"_monsterinsights_sitenote_active":false,"_monsterinsights_sitenote_note":"","_monsterinsights_sitenote_category":0},"product_brand":[],"product_cat":[19,26,34,35],"product_tag":[],"class_list":{"0":"post-6929","1":"product","2":"type-product","3":"status-publish","4":"has-post-thumbnail","6":"product_cat-arnyekkedvelo-novenyek","7":"product_cat-cserjek-bokrok","8":"product_cat-orokzold-novenyek","9":"product_cat-sziklakerti-novenyek","11":"first","12":"instock","13":"taxable","14":"shipping-taxable","15":"purchasable","16":"product-type-simple"},"aioseo_notices":[],"_links":{"self":[{"href":"https:\/\/szel-pasztorkerteszet.hu\/index.php?rest_route=\/wp\/v2\/product\/6929","targetHints":{"allow":["GET"]}}],"collection":[{"href":"https:\/\/szel-pasztorkerteszet.hu\/index.php?rest_route=\/wp\/v2\/product"}],"about":[{"href":"https:\/\/szel-pasztorkerteszet.hu\/index.php?rest_route=\/wp\/v2\/types\/product"}],"replies":[{"embeddable":true,"href":"https:\/\/szel-pasztorkerteszet.hu\/index.php?rest_route=%2Fwp%2Fv2%2Fcomments&post=6929"}],"wp:featuredmedia":[{"embeddable":true,"href":"https:\/\/szel-pasztorkerteszet.hu\/index.php?rest_route=\/wp\/v2\/media\/6884"}],"wp:attachment":[{"href":"https:\/\/szel-pasztorkerteszet.hu\/index.php?rest_route=%2Fwp%2Fv2%2Fmedia&parent=6929"}],"wp:term":[{"taxonomy":"product_brand","embeddable":true,"href":"https:\/\/szel-pasztorkerteszet.hu\/index.php?rest_route=%2Fwp%2Fv2%2Fproduct_brand&post=6929"},{"taxonomy":"product_cat","embeddable":true,"href":"https:\/\/szel-pasztorkerteszet.hu\/index.php?rest_route=%2Fwp%2Fv2%2Fproduct_cat&post=6929"},{"taxonomy":"product_tag","embeddable":true,"href":"https:\/\/szel-pasztorkerteszet.hu\/index.php?rest_route=%2Fwp%2Fv2%2Fproduct_tag&post=6929"}],"curies":[{"name":"wp","href":"https:\/\/api.w.org\/{rel}","templated":true}]}}