{"id":7660,"date":"2025-09-12T14:52:00","date_gmt":"2025-09-12T14:52:00","guid":{"rendered":"https:\/\/szel-pasztorkerteszet.hu\/?post_type=product&#038;p=7660"},"modified":"2026-05-10T12:52:56","modified_gmt":"2026-05-10T12:52:56","slug":"pinus-mugo-varella-tupamacsos-havasi-torpe-fenyo-torzses","status":"publish","type":"product","link":"https:\/\/szel-pasztorkerteszet.hu\/?product=pinus-mugo-varella-tupamacsos-havasi-torpe-fenyo-torzses","title":{"rendered":"Pinus mugo &#8216;Varella&#8217;\/ T\u0171pamacsos havasi t\u00f6rpe feny\u0151 T\u00d6RZSES"},"content":{"rendered":"<p>Pinus mugo &#8216;Varella&#8217;- T\u0171pamacsos havasi t\u00f6rpe feny\u0151 T\u00d6RZSES<\/p>\n<p>Nagyon lass\u00fa n\u00f6veked\u00e9s\u0171, z\u00e1rt lombozat\u00fa feny\u0151 fajta. V\u00e9gs\u0151 m\u00e9rete: 50-70 cm, amit 10 \u00e9v alatt \u00e9r el. Koron\u00e1ja szab\u00e1lyos g\u00f6mb alak\u00fa, id\u0151sebb kor\u00e1ban enyh\u00e9n cs\u00facsosodik. T\u0171levelei hossz\u00faak, friss hajt\u00e1sai halv\u00e1ny z\u00f6ld sz\u00edn\u0171ek. Napos vagy f\u00e9l\u00e1rny\u00e9kos fekv\u00e9sbe, semleges talajba \u00fcltess\u00fck. V\u00edzig\u00e9nye k\u00f6zepes.<\/p>\n<p>A n\u00f6v\u00e9ny m\u00e9retei: T\u00f6rzsmagass\u00e1g: 60 cm, Korona \u00e1tm\u00e9r\u0151: 20 cm, K5<\/p>\n","protected":false},"excerpt":{"rendered":"<p>Pinus mugo &#8216;Varella&#8217;- T\u0171pamacsos havasi t\u00f6rpe feny\u0151 T\u00d6RZSES Nagyon lass\u00fa n\u00f6veked\u00e9s\u0171, z\u00e1rt lombozat\u00fa feny\u0151 fajta. V\u00e9gs\u0151 m\u00e9rete: 50-70 cm, amit 10 \u00e9v alatt \u00e9r el. Koron\u00e1ja szab\u00e1lyos g\u00f6mb alak\u00fa, id\u0151sebb kor\u00e1ban enyh\u00e9n cs\u00facsosodik. T\u0171levelei hossz\u00faak, friss hajt\u00e1sai halv\u00e1ny z\u00f6ld sz\u00edn\u0171ek. Napos vagy f\u00e9l\u00e1rny\u00e9kos fekv\u00e9sbe, semleges talajba \u00fcltess\u00fck. V\u00edzig\u00e9nye k\u00f6zepes. A n\u00f6v\u00e9ny m\u00e9retei: T\u00f6rzsmagass\u00e1g: 60 cm, [&hellip;]<\/p>\n","protected":false},"featured_media":7648,"comment_status":"open","ping_status":"closed","template":"","meta":{"_monsterinsights_skip_tracking":false,"_monsterinsights_sitenote_active":false,"_monsterinsights_sitenote_note":"","_monsterinsights_sitenote_category":0},"product_brand":[],"product_cat":[33,34,36],"product_tag":[190,187,131,206,106],"class_list":["post-7660","product","type-product","status-publish","has-post-thumbnail","product_cat-formara-nyirt-novenyek","product_cat-orokzold-novenyek","product_cat-tujak-ciprusok-fenyok","product_tag-fenyo","product_tag-gomb","product_tag-torpe","product_tag-torzses","product_tag-zold","first","outofstock","taxable","shipping-taxable","purchasable","product-type-simple"],"aioseo_notices":[],"aioseo_head":"\n\t\t<!-- All in One SEO 5.0.1 - aioseo.com -->\n\t<meta name=\"description\" content=\"Pinus mugo &#039;Varella&#039;- T\u0171pamacsos havasi t\u00f6rpe feny\u0151 T\u00d6RZSES Nagyon lass\u00fa n\u00f6veked\u00e9s\u0171, z\u00e1rt lombozat\u00fa feny\u0151 fajta. V\u00e9gs\u0151 m\u00e9rete: 50-70 cm, amit 10 \u00e9v alatt \u00e9r el. Koron\u00e1ja szab\u00e1lyos g\u00f6mb alak\u00fa, id\u0151sebb kor\u00e1ban enyh\u00e9n cs\u00facsosodik. T\u0171levelei hossz\u00faak, friss hajt\u00e1sai halv\u00e1ny z\u00f6ld sz\u00edn\u0171ek. Napos vagy f\u00e9l\u00e1rny\u00e9kos fekv\u00e9sbe, semleges talajba \u00fcltess\u00fck. V\u00edzig\u00e9nye k\u00f6zepes. A n\u00f6v\u00e9ny m\u00e9retei: T\u00f6rzsmagass\u00e1g: 60 cm,\" \/>\n\t<meta name=\"robots\" content=\"max-image-preview:large\" \/>\n\t<link rel=\"canonical\" href=\"https:\/\/szel-pasztorkerteszet.hu\/?product=pinus-mugo-varella-tupamacsos-havasi-torpe-fenyo-torzses\" \/>\n\t<meta name=\"generator\" content=\"All in One SEO (AIOSEO) 5.0.1\" \/>\n\t\t<meta property=\"og:locale\" content=\"hu_HU\" \/>\n\t\t<meta property=\"og:site_name\" content=\"Sz\u00e9l &amp; P\u00e1sztor kert\u00e9szet\" \/>\n\t\t<meta property=\"og:type\" content=\"article\" \/>\n\t\t<meta property=\"og:title\" content=\"Pinus mugo \u2018Varella\u2019\/ T\u0171pamacsos havasi t\u00f6rpe feny\u0151 T\u00d6RZSES - Sz\u00e9l &amp; P\u00e1sztor kert\u00e9szet\" \/>\n\t\t<meta property=\"og:description\" content=\"Pinus mugo &#039;Varella&#039;- T\u0171pamacsos havasi t\u00f6rpe feny\u0151 T\u00d6RZSES Nagyon lass\u00fa n\u00f6veked\u00e9s\u0171, z\u00e1rt lombozat\u00fa feny\u0151 fajta. V\u00e9gs\u0151 m\u00e9rete: 50-70 cm, amit 10 \u00e9v alatt \u00e9r el. Koron\u00e1ja szab\u00e1lyos g\u00f6mb alak\u00fa, id\u0151sebb kor\u00e1ban enyh\u00e9n cs\u00facsosodik. T\u0171levelei hossz\u00faak, friss hajt\u00e1sai halv\u00e1ny z\u00f6ld sz\u00edn\u0171ek. Napos vagy f\u00e9l\u00e1rny\u00e9kos fekv\u00e9sbe, semleges talajba \u00fcltess\u00fck. V\u00edzig\u00e9nye k\u00f6zepes. A n\u00f6v\u00e9ny m\u00e9retei: T\u00f6rzsmagass\u00e1g: 60 cm,\" \/>\n\t\t<meta property=\"og:url\" content=\"https:\/\/szel-pasztorkerteszet.hu\/?product=pinus-mugo-varella-tupamacsos-havasi-torpe-fenyo-torzses\" \/>\n\t\t<meta property=\"og:image\" content=\"https:\/\/szel-pasztorkerteszet.hu\/wp-content\/uploads\/2022\/03\/Szel-Pasztor-logo-02.jpg\" \/>\n\t\t<meta property=\"og:image:secure_url\" content=\"https:\/\/szel-pasztorkerteszet.hu\/wp-content\/uploads\/2022\/03\/Szel-Pasztor-logo-02.jpg\" \/>\n\t\t<meta property=\"og:image:width\" content=\"1431\" \/>\n\t\t<meta property=\"og:image:height\" content=\"1423\" \/>\n\t\t<meta property=\"article:published_time\" content=\"2025-09-12T14:52:00+00:00\" \/>\n\t\t<meta property=\"article:modified_time\" content=\"2026-05-10T12:52:56+00:00\" \/>\n\t\t<meta property=\"article:publisher\" content=\"https:\/\/www.facebook.com\/szel.pasztor.kerteszet\/\" \/>\n\t\t<meta name=\"twitter:card\" content=\"summary_large_image\" \/>\n\t\t<meta name=\"twitter:title\" content=\"Pinus mugo \u2018Varella\u2019\/ T\u0171pamacsos havasi t\u00f6rpe feny\u0151 T\u00d6RZSES - Sz\u00e9l &amp; P\u00e1sztor kert\u00e9szet\" \/>\n\t\t<meta name=\"twitter:description\" content=\"Pinus mugo &#039;Varella&#039;- T\u0171pamacsos havasi t\u00f6rpe feny\u0151 T\u00d6RZSES Nagyon lass\u00fa n\u00f6veked\u00e9s\u0171, z\u00e1rt lombozat\u00fa feny\u0151 fajta. V\u00e9gs\u0151 m\u00e9rete: 50-70 cm, amit 10 \u00e9v alatt \u00e9r el. Koron\u00e1ja szab\u00e1lyos g\u00f6mb alak\u00fa, id\u0151sebb kor\u00e1ban enyh\u00e9n cs\u00facsosodik. T\u0171levelei hossz\u00faak, friss hajt\u00e1sai halv\u00e1ny z\u00f6ld sz\u00edn\u0171ek. Napos vagy f\u00e9l\u00e1rny\u00e9kos fekv\u00e9sbe, semleges talajba \u00fcltess\u00fck. V\u00edzig\u00e9nye k\u00f6zepes. A n\u00f6v\u00e9ny m\u00e9retei: T\u00f6rzsmagass\u00e1g: 60 cm,\" \/>\n\t\t<meta name=\"twitter:image\" content=\"https:\/\/szel-pasztorkerteszet.hu\/wp-content\/uploads\/2022\/03\/Szel-Pasztor-logo-02.jpg\" \/>\n\t\t<script type=\"application\/ld+json\" class=\"aioseo-schema\">\n\t\t\t{\"@context\":\"https:\\\/\\\/schema.org\",\"@graph\":[{\"@type\":\"BreadcrumbList\",\"@id\":\"https:\\\/\\\/szel-pasztorkerteszet.hu\\\/?product=pinus-mugo-varella-tupamacsos-havasi-torpe-fenyo-torzses#breadcrumblist\",\"itemListElement\":[{\"@type\":\"ListItem\",\"@id\":\"https:\\\/\\\/szel-pasztorkerteszet.hu#listItem\",\"position\":1,\"name\":\"Home\",\"item\":\"https:\\\/\\\/szel-pasztorkerteszet.hu\",\"nextItem\":{\"@type\":\"ListItem\",\"@id\":\"https:\\\/\\\/szel-pasztorkerteszet.hu\\\/?page_id=53#listItem\",\"name\":\"\\u00dczlet\"}},{\"@type\":\"ListItem\",\"@id\":\"https:\\\/\\\/szel-pasztorkerteszet.hu\\\/?page_id=53#listItem\",\"position\":2,\"name\":\"\\u00dczlet\",\"item\":\"https:\\\/\\\/szel-pasztorkerteszet.hu\\\/?page_id=53\",\"nextItem\":{\"@type\":\"ListItem\",\"@id\":\"https:\\\/\\\/szel-pasztorkerteszet.hu\\\/?product_cat=formara-nyirt-novenyek#listItem\",\"name\":\"Form\\u00e1ra ny\\u00edrt n\\u00f6v\\u00e9nyek\"},\"previousItem\":{\"@type\":\"ListItem\",\"@id\":\"https:\\\/\\\/szel-pasztorkerteszet.hu#listItem\",\"name\":\"Home\"}},{\"@type\":\"ListItem\",\"@id\":\"https:\\\/\\\/szel-pasztorkerteszet.hu\\\/?product_cat=formara-nyirt-novenyek#listItem\",\"position\":3,\"name\":\"Form\\u00e1ra ny\\u00edrt n\\u00f6v\\u00e9nyek\",\"item\":\"https:\\\/\\\/szel-pasztorkerteszet.hu\\\/?product_cat=formara-nyirt-novenyek\",\"nextItem\":{\"@type\":\"ListItem\",\"@id\":\"https:\\\/\\\/szel-pasztorkerteszet.hu\\\/?product=pinus-mugo-varella-tupamacsos-havasi-torpe-fenyo-torzses#listItem\",\"name\":\"Pinus mugo &#8216;Varella&#8217;\\\/ T\\u0171pamacsos havasi t\\u00f6rpe feny\\u0151 T\\u00d6RZSES\"},\"previousItem\":{\"@type\":\"ListItem\",\"@id\":\"https:\\\/\\\/szel-pasztorkerteszet.hu\\\/?page_id=53#listItem\",\"name\":\"\\u00dczlet\"}},{\"@type\":\"ListItem\",\"@id\":\"https:\\\/\\\/szel-pasztorkerteszet.hu\\\/?product=pinus-mugo-varella-tupamacsos-havasi-torpe-fenyo-torzses#listItem\",\"position\":4,\"name\":\"Pinus mugo &#8216;Varella&#8217;\\\/ T\\u0171pamacsos havasi t\\u00f6rpe feny\\u0151 T\\u00d6RZSES\",\"previousItem\":{\"@type\":\"ListItem\",\"@id\":\"https:\\\/\\\/szel-pasztorkerteszet.hu\\\/?product_cat=formara-nyirt-novenyek#listItem\",\"name\":\"Form\\u00e1ra ny\\u00edrt n\\u00f6v\\u00e9nyek\"}}]},{\"@type\":\"Organization\",\"@id\":\"https:\\\/\\\/szel-pasztorkerteszet.hu\\\/#organization\",\"name\":\"Sz\\u00e9l & P\\u00e1sztor Kert\\u00e9szet - Pell\\u00e9rd\",\"description\":\"N\\u00f6v\\u00e9nyek \\u00e9s kert\\u00e9szeti term\\u00e9kek\",\"url\":\"https:\\\/\\\/szel-pasztorkerteszet.hu\\\/\",\"telephone\":\"+36204296111\",\"logo\":{\"@type\":\"ImageObject\",\"url\":\"https:\\\/\\\/szel-pasztorkerteszet.hu\\\/wp-content\\\/uploads\\\/2022\\\/03\\\/Szel-Pasztor-logo-02.jpg\",\"@id\":\"https:\\\/\\\/szel-pasztorkerteszet.hu\\\/?product=pinus-mugo-varella-tupamacsos-havasi-torpe-fenyo-torzses\\\/#organizationLogo\",\"width\":1431,\"height\":1423},\"image\":{\"@id\":\"https:\\\/\\\/szel-pasztorkerteszet.hu\\\/?product=pinus-mugo-varella-tupamacsos-havasi-torpe-fenyo-torzses\\\/#organizationLogo\"},\"sameAs\":[\"https:\\\/\\\/www.facebook.com\\\/szel.pasztor.kerteszet\\\/\"]},{\"@type\":\"WebPage\",\"@id\":\"https:\\\/\\\/szel-pasztorkerteszet.hu\\\/?product=pinus-mugo-varella-tupamacsos-havasi-torpe-fenyo-torzses#webpage\",\"url\":\"https:\\\/\\\/szel-pasztorkerteszet.hu\\\/?product=pinus-mugo-varella-tupamacsos-havasi-torpe-fenyo-torzses\",\"name\":\"Pinus mugo \\u2018Varella\\u2019\\\/ T\\u0171pamacsos havasi t\\u00f6rpe feny\\u0151 T\\u00d6RZSES - Sz\\u00e9l & P\\u00e1sztor kert\\u00e9szet\",\"description\":\"Pinus mugo 'Varella'- T\\u0171pamacsos havasi t\\u00f6rpe feny\\u0151 T\\u00d6RZSES Nagyon lass\\u00fa n\\u00f6veked\\u00e9s\\u0171, z\\u00e1rt lombozat\\u00fa feny\\u0151 fajta. V\\u00e9gs\\u0151 m\\u00e9rete: 50-70 cm, amit 10 \\u00e9v alatt \\u00e9r el. Koron\\u00e1ja szab\\u00e1lyos g\\u00f6mb alak\\u00fa, id\\u0151sebb kor\\u00e1ban enyh\\u00e9n cs\\u00facsosodik. T\\u0171levelei hossz\\u00faak, friss hajt\\u00e1sai halv\\u00e1ny z\\u00f6ld sz\\u00edn\\u0171ek. Napos vagy f\\u00e9l\\u00e1rny\\u00e9kos fekv\\u00e9sbe, semleges talajba \\u00fcltess\\u00fck. V\\u00edzig\\u00e9nye k\\u00f6zepes. A n\\u00f6v\\u00e9ny m\\u00e9retei: T\\u00f6rzsmagass\\u00e1g: 60 cm,\",\"inLanguage\":\"hu-HU\",\"isPartOf\":{\"@id\":\"https:\\\/\\\/szel-pasztorkerteszet.hu\\\/#website\"},\"breadcrumb\":{\"@id\":\"https:\\\/\\\/szel-pasztorkerteszet.hu\\\/?product=pinus-mugo-varella-tupamacsos-havasi-torpe-fenyo-torzses#breadcrumblist\"},\"image\":{\"@type\":\"ImageObject\",\"url\":\"https:\\\/\\\/szel-pasztorkerteszet.hu\\\/wp-content\\\/uploads\\\/2025\\\/09\\\/IMG_20250912_134622-2-scaled.jpg\",\"@id\":\"https:\\\/\\\/szel-pasztorkerteszet.hu\\\/?product=pinus-mugo-varella-tupamacsos-havasi-torpe-fenyo-torzses\\\/#mainImage\",\"width\":1920,\"height\":2560},\"primaryImageOfPage\":{\"@id\":\"https:\\\/\\\/szel-pasztorkerteszet.hu\\\/?product=pinus-mugo-varella-tupamacsos-havasi-torpe-fenyo-torzses#mainImage\"},\"datePublished\":\"2025-09-12T14:52:00+00:00\",\"dateModified\":\"2026-05-10T12:52:56+00:00\"},{\"@type\":\"WebSite\",\"@id\":\"https:\\\/\\\/szel-pasztorkerteszet.hu\\\/#website\",\"url\":\"https:\\\/\\\/szel-pasztorkerteszet.hu\\\/\",\"name\":\"Sz\\u00e9l & P\\u00e1sztor Kert\\u00e9szet\",\"description\":\"N\\u00f6v\\u00e9nyek \\u00e9s kert\\u00e9szeti term\\u00e9kek\",\"inLanguage\":\"hu-HU\",\"publisher\":{\"@id\":\"https:\\\/\\\/szel-pasztorkerteszet.hu\\\/#organization\"}}]}\n\t\t<\/script>\n\t\t<!-- All in One SEO -->\n\n","aioseo_head_json":{"title":"Pinus mugo \u2018Varella\u2019\/ T\u0171pamacsos havasi t\u00f6rpe feny\u0151 T\u00d6RZSES - Sz\u00e9l & P\u00e1sztor kert\u00e9szet","description":"Pinus mugo 'Varella'- T\u0171pamacsos havasi t\u00f6rpe feny\u0151 T\u00d6RZSES Nagyon lass\u00fa n\u00f6veked\u00e9s\u0171, z\u00e1rt lombozat\u00fa feny\u0151 fajta. V\u00e9gs\u0151 m\u00e9rete: 50-70 cm, amit 10 \u00e9v alatt \u00e9r el. Koron\u00e1ja szab\u00e1lyos g\u00f6mb alak\u00fa, id\u0151sebb kor\u00e1ban enyh\u00e9n cs\u00facsosodik. T\u0171levelei hossz\u00faak, friss hajt\u00e1sai halv\u00e1ny z\u00f6ld sz\u00edn\u0171ek. Napos vagy f\u00e9l\u00e1rny\u00e9kos fekv\u00e9sbe, semleges talajba \u00fcltess\u00fck. V\u00edzig\u00e9nye k\u00f6zepes. A n\u00f6v\u00e9ny m\u00e9retei: T\u00f6rzsmagass\u00e1g: 60 cm,","canonical_url":"https:\/\/szel-pasztorkerteszet.hu\/?product=pinus-mugo-varella-tupamacsos-havasi-torpe-fenyo-torzses","robots":"max-image-preview:large","keywords":"","webmasterTools":{"miscellaneous":""},"schema":{"@context":"https:\/\/schema.org","@graph":[{"@type":"BreadcrumbList","@id":"https:\/\/szel-pasztorkerteszet.hu\/?product=pinus-mugo-varella-tupamacsos-havasi-torpe-fenyo-torzses#breadcrumblist","itemListElement":[{"@type":"ListItem","@id":"https:\/\/szel-pasztorkerteszet.hu#listItem","position":1,"name":"Home","item":"https:\/\/szel-pasztorkerteszet.hu","nextItem":{"@type":"ListItem","@id":"https:\/\/szel-pasztorkerteszet.hu\/?page_id=53#listItem","name":"\u00dczlet"}},{"@type":"ListItem","@id":"https:\/\/szel-pasztorkerteszet.hu\/?page_id=53#listItem","position":2,"name":"\u00dczlet","item":"https:\/\/szel-pasztorkerteszet.hu\/?page_id=53","nextItem":{"@type":"ListItem","@id":"https:\/\/szel-pasztorkerteszet.hu\/?product_cat=formara-nyirt-novenyek#listItem","name":"Form\u00e1ra ny\u00edrt n\u00f6v\u00e9nyek"},"previousItem":{"@type":"ListItem","@id":"https:\/\/szel-pasztorkerteszet.hu#listItem","name":"Home"}},{"@type":"ListItem","@id":"https:\/\/szel-pasztorkerteszet.hu\/?product_cat=formara-nyirt-novenyek#listItem","position":3,"name":"Form\u00e1ra ny\u00edrt n\u00f6v\u00e9nyek","item":"https:\/\/szel-pasztorkerteszet.hu\/?product_cat=formara-nyirt-novenyek","nextItem":{"@type":"ListItem","@id":"https:\/\/szel-pasztorkerteszet.hu\/?product=pinus-mugo-varella-tupamacsos-havasi-torpe-fenyo-torzses#listItem","name":"Pinus mugo &#8216;Varella&#8217;\/ T\u0171pamacsos havasi t\u00f6rpe feny\u0151 T\u00d6RZSES"},"previousItem":{"@type":"ListItem","@id":"https:\/\/szel-pasztorkerteszet.hu\/?page_id=53#listItem","name":"\u00dczlet"}},{"@type":"ListItem","@id":"https:\/\/szel-pasztorkerteszet.hu\/?product=pinus-mugo-varella-tupamacsos-havasi-torpe-fenyo-torzses#listItem","position":4,"name":"Pinus mugo &#8216;Varella&#8217;\/ T\u0171pamacsos havasi t\u00f6rpe feny\u0151 T\u00d6RZSES","previousItem":{"@type":"ListItem","@id":"https:\/\/szel-pasztorkerteszet.hu\/?product_cat=formara-nyirt-novenyek#listItem","name":"Form\u00e1ra ny\u00edrt n\u00f6v\u00e9nyek"}}]},{"@type":"Organization","@id":"https:\/\/szel-pasztorkerteszet.hu\/#organization","name":"Sz\u00e9l & P\u00e1sztor Kert\u00e9szet - Pell\u00e9rd","description":"N\u00f6v\u00e9nyek \u00e9s kert\u00e9szeti term\u00e9kek","url":"https:\/\/szel-pasztorkerteszet.hu\/","telephone":"+36204296111","logo":{"@type":"ImageObject","url":"https:\/\/szel-pasztorkerteszet.hu\/wp-content\/uploads\/2022\/03\/Szel-Pasztor-logo-02.jpg","@id":"https:\/\/szel-pasztorkerteszet.hu\/?product=pinus-mugo-varella-tupamacsos-havasi-torpe-fenyo-torzses\/#organizationLogo","width":1431,"height":1423},"image":{"@id":"https:\/\/szel-pasztorkerteszet.hu\/?product=pinus-mugo-varella-tupamacsos-havasi-torpe-fenyo-torzses\/#organizationLogo"},"sameAs":["https:\/\/www.facebook.com\/szel.pasztor.kerteszet\/"]},{"@type":"WebPage","@id":"https:\/\/szel-pasztorkerteszet.hu\/?product=pinus-mugo-varella-tupamacsos-havasi-torpe-fenyo-torzses#webpage","url":"https:\/\/szel-pasztorkerteszet.hu\/?product=pinus-mugo-varella-tupamacsos-havasi-torpe-fenyo-torzses","name":"Pinus mugo \u2018Varella\u2019\/ T\u0171pamacsos havasi t\u00f6rpe feny\u0151 T\u00d6RZSES - Sz\u00e9l & P\u00e1sztor kert\u00e9szet","description":"Pinus mugo 'Varella'- T\u0171pamacsos havasi t\u00f6rpe feny\u0151 T\u00d6RZSES Nagyon lass\u00fa n\u00f6veked\u00e9s\u0171, z\u00e1rt lombozat\u00fa feny\u0151 fajta. V\u00e9gs\u0151 m\u00e9rete: 50-70 cm, amit 10 \u00e9v alatt \u00e9r el. Koron\u00e1ja szab\u00e1lyos g\u00f6mb alak\u00fa, id\u0151sebb kor\u00e1ban enyh\u00e9n cs\u00facsosodik. T\u0171levelei hossz\u00faak, friss hajt\u00e1sai halv\u00e1ny z\u00f6ld sz\u00edn\u0171ek. Napos vagy f\u00e9l\u00e1rny\u00e9kos fekv\u00e9sbe, semleges talajba \u00fcltess\u00fck. V\u00edzig\u00e9nye k\u00f6zepes. A n\u00f6v\u00e9ny m\u00e9retei: T\u00f6rzsmagass\u00e1g: 60 cm,","inLanguage":"hu-HU","isPartOf":{"@id":"https:\/\/szel-pasztorkerteszet.hu\/#website"},"breadcrumb":{"@id":"https:\/\/szel-pasztorkerteszet.hu\/?product=pinus-mugo-varella-tupamacsos-havasi-torpe-fenyo-torzses#breadcrumblist"},"image":{"@type":"ImageObject","url":"https:\/\/szel-pasztorkerteszet.hu\/wp-content\/uploads\/2025\/09\/IMG_20250912_134622-2-scaled.jpg","@id":"https:\/\/szel-pasztorkerteszet.hu\/?product=pinus-mugo-varella-tupamacsos-havasi-torpe-fenyo-torzses\/#mainImage","width":1920,"height":2560},"primaryImageOfPage":{"@id":"https:\/\/szel-pasztorkerteszet.hu\/?product=pinus-mugo-varella-tupamacsos-havasi-torpe-fenyo-torzses#mainImage"},"datePublished":"2025-09-12T14:52:00+00:00","dateModified":"2026-05-10T12:52:56+00:00"},{"@type":"WebSite","@id":"https:\/\/szel-pasztorkerteszet.hu\/#website","url":"https:\/\/szel-pasztorkerteszet.hu\/","name":"Sz\u00e9l & P\u00e1sztor Kert\u00e9szet","description":"N\u00f6v\u00e9nyek \u00e9s kert\u00e9szeti term\u00e9kek","inLanguage":"hu-HU","publisher":{"@id":"https:\/\/szel-pasztorkerteszet.hu\/#organization"}}]},"og:locale":"hu_HU","og:site_name":"Sz\u00e9l &amp; P\u00e1sztor kert\u00e9szet","og:type":"article","og:title":"Pinus mugo \u2018Varella\u2019\/ T\u0171pamacsos havasi t\u00f6rpe feny\u0151 T\u00d6RZSES - Sz\u00e9l &amp; P\u00e1sztor kert\u00e9szet","og:description":"Pinus mugo 'Varella'- T\u0171pamacsos havasi t\u00f6rpe feny\u0151 T\u00d6RZSES Nagyon lass\u00fa n\u00f6veked\u00e9s\u0171, z\u00e1rt lombozat\u00fa feny\u0151 fajta. V\u00e9gs\u0151 m\u00e9rete: 50-70 cm, amit 10 \u00e9v alatt \u00e9r el. Koron\u00e1ja szab\u00e1lyos g\u00f6mb alak\u00fa, id\u0151sebb kor\u00e1ban enyh\u00e9n cs\u00facsosodik. T\u0171levelei hossz\u00faak, friss hajt\u00e1sai halv\u00e1ny z\u00f6ld sz\u00edn\u0171ek. Napos vagy f\u00e9l\u00e1rny\u00e9kos fekv\u00e9sbe, semleges talajba \u00fcltess\u00fck. V\u00edzig\u00e9nye k\u00f6zepes. A n\u00f6v\u00e9ny m\u00e9retei: T\u00f6rzsmagass\u00e1g: 60 cm,","og:url":"https:\/\/szel-pasztorkerteszet.hu\/?product=pinus-mugo-varella-tupamacsos-havasi-torpe-fenyo-torzses","og:image":"https:\/\/szel-pasztorkerteszet.hu\/wp-content\/uploads\/2022\/03\/Szel-Pasztor-logo-02.jpg","og:image:secure_url":"https:\/\/szel-pasztorkerteszet.hu\/wp-content\/uploads\/2022\/03\/Szel-Pasztor-logo-02.jpg","og:image:width":1431,"og:image:height":1423,"article:published_time":"2025-09-12T14:52:00+00:00","article:modified_time":"2026-05-10T12:52:56+00:00","article:publisher":"https:\/\/www.facebook.com\/szel.pasztor.kerteszet\/","twitter:card":"summary_large_image","twitter:title":"Pinus mugo \u2018Varella\u2019\/ T\u0171pamacsos havasi t\u00f6rpe feny\u0151 T\u00d6RZSES - Sz\u00e9l &amp; P\u00e1sztor kert\u00e9szet","twitter:description":"Pinus mugo 'Varella'- T\u0171pamacsos havasi t\u00f6rpe feny\u0151 T\u00d6RZSES Nagyon lass\u00fa n\u00f6veked\u00e9s\u0171, z\u00e1rt lombozat\u00fa feny\u0151 fajta. V\u00e9gs\u0151 m\u00e9rete: 50-70 cm, amit 10 \u00e9v alatt \u00e9r el. Koron\u00e1ja szab\u00e1lyos g\u00f6mb alak\u00fa, id\u0151sebb kor\u00e1ban enyh\u00e9n cs\u00facsosodik. T\u0171levelei hossz\u00faak, friss hajt\u00e1sai halv\u00e1ny z\u00f6ld sz\u00edn\u0171ek. Napos vagy f\u00e9l\u00e1rny\u00e9kos fekv\u00e9sbe, semleges talajba \u00fcltess\u00fck. V\u00edzig\u00e9nye k\u00f6zepes. A n\u00f6v\u00e9ny m\u00e9retei: T\u00f6rzsmagass\u00e1g: 60 cm,","twitter:image":"https:\/\/szel-pasztorkerteszet.hu\/wp-content\/uploads\/2022\/03\/Szel-Pasztor-logo-02.jpg"},"aioseo_meta_data":{"post_id":"7660","title":null,"description":null,"keywords":null,"keyphrases":{"focus":{"keyphrase":"","score":0,"analysis":{"keyphraseInTitle":{"score":0,"maxScore":9,"error":1}}},"additional":[]},"primary_term":null,"canonical_url":null,"og_title":null,"og_description":null,"og_object_type":"default","og_image_type":"default","og_image_url":null,"og_image_width":null,"og_image_height":null,"og_image_custom_url":null,"og_image_custom_fields":null,"og_video":"","og_custom_url":null,"og_article_section":null,"og_article_tags":null,"twitter_use_og":false,"twitter_card":"default","twitter_image_type":"default","twitter_image_url":null,"twitter_image_custom_url":null,"twitter_image_custom_fields":null,"twitter_title":null,"twitter_description":null,"schema":{"blockGraphs":[],"customGraphs":[],"default":{"data":{"Article":[],"Course":[],"Dataset":[],"FAQPage":[],"Movie":[],"Person":[],"Product":[],"ProductReview":[],"Car":[],"Recipe":[],"Service":[],"SoftwareApplication":[],"WebPage":[]},"graphName":"WebPage","isEnabled":true},"graphs":[]},"schema_type":"default","schema_type_options":null,"pillar_content":false,"robots_default":true,"robots_noindex":false,"robots_noarchive":false,"robots_nosnippet":false,"robots_nofollow":false,"robots_noimageindex":false,"robots_noodp":false,"robots_notranslate":false,"robots_max_snippet":"-1","robots_max_videopreview":"-1","robots_max_imagepreview":"large","priority":null,"frequency":"default","local_seo":null,"limit_modified_date":false,"created":"2025-09-12 14:51:44","updated":"2026-05-10 13:19:04","focus_keyword":null,"additional_keywords":null,"truseo_locale":null,"ai":null,"breadcrumb_settings":null,"seo_analyzer_scan_date":null},"aioseo_breadcrumb":"<div class=\"aioseo-breadcrumbs\"><span class=\"aioseo-breadcrumb\">\n\t\t\t<a href=\"https:\/\/szel-pasztorkerteszet.hu\" title=\"Home\">Home<\/a>\n\t\t<\/span><span class=\"aioseo-breadcrumb-separator\">&raquo;<\/span><span class=\"aioseo-breadcrumb\">\n\t\t\t<a href=\"https:\/\/szel-pasztorkerteszet.hu\/?page_id=53\" title=\"\u00dczlet\">\u00dczlet<\/a>\n\t\t<\/span><span class=\"aioseo-breadcrumb-separator\">&raquo;<\/span><span class=\"aioseo-breadcrumb\">\n\t\t\t<a href=\"https:\/\/szel-pasztorkerteszet.hu\/?product_cat=formara-nyirt-novenyek\" title=\"Form\u00e1ra ny\u00edrt n\u00f6v\u00e9nyek\">Form\u00e1ra ny\u00edrt n\u00f6v\u00e9nyek<\/a>\n\t\t<\/span><span class=\"aioseo-breadcrumb-separator\">&raquo;<\/span><span class=\"aioseo-breadcrumb\">\n\t\t\tPinus mugo \u2018Varella\u2019\/ T\u0171pamacsos havasi t\u00f6rpe feny\u0151 T\u00d6RZSES\n\t\t<\/span><\/div>","aioseo_breadcrumb_json":[{"label":"Home","link":"https:\/\/szel-pasztorkerteszet.hu"},{"label":"\u00dczlet","link":"https:\/\/szel-pasztorkerteszet.hu\/?page_id=53"},{"label":"Form\u00e1ra ny\u00edrt n\u00f6v\u00e9nyek","link":"https:\/\/szel-pasztorkerteszet.hu\/?product_cat=formara-nyirt-novenyek"},{"label":"Pinus mugo &#8216;Varella&#8217;\/ T\u0171pamacsos havasi t\u00f6rpe feny\u0151 T\u00d6RZSES","link":"https:\/\/szel-pasztorkerteszet.hu\/?product=pinus-mugo-varella-tupamacsos-havasi-torpe-fenyo-torzses"}],"_links":{"self":[{"href":"https:\/\/szel-pasztorkerteszet.hu\/index.php?rest_route=\/wp\/v2\/product\/7660","targetHints":{"allow":["GET"]}}],"collection":[{"href":"https:\/\/szel-pasztorkerteszet.hu\/index.php?rest_route=\/wp\/v2\/product"}],"about":[{"href":"https:\/\/szel-pasztorkerteszet.hu\/index.php?rest_route=\/wp\/v2\/types\/product"}],"replies":[{"embeddable":true,"href":"https:\/\/szel-pasztorkerteszet.hu\/index.php?rest_route=%2Fwp%2Fv2%2Fcomments&post=7660"}],"wp:featuredmedia":[{"embeddable":true,"href":"https:\/\/szel-pasztorkerteszet.hu\/index.php?rest_route=\/wp\/v2\/media\/7648"}],"wp:attachment":[{"href":"https:\/\/szel-pasztorkerteszet.hu\/index.php?rest_route=%2Fwp%2Fv2%2Fmedia&parent=7660"}],"wp:term":[{"taxonomy":"product_brand","embeddable":true,"href":"https:\/\/szel-pasztorkerteszet.hu\/index.php?rest_route=%2Fwp%2Fv2%2Fproduct_brand&post=7660"},{"taxonomy":"product_cat","embeddable":true,"href":"https:\/\/szel-pasztorkerteszet.hu\/index.php?rest_route=%2Fwp%2Fv2%2Fproduct_cat&post=7660"},{"taxonomy":"product_tag","embeddable":true,"href":"https:\/\/szel-pasztorkerteszet.hu\/index.php?rest_route=%2Fwp%2Fv2%2Fproduct_tag&post=7660"}],"curies":[{"name":"wp","href":"https:\/\/api.w.org\/{rel}","templated":true}]}}