{"id":8012,"date":"2026-03-17T15:56:25","date_gmt":"2026-03-17T15:56:25","guid":{"rendered":"https:\/\/szel-pasztorkerteszet.hu\/?post_type=product&#038;p=8012"},"modified":"2026-03-17T15:56:25","modified_gmt":"2026-03-17T15:56:25","slug":"acer-palmatum-dissectum-garnet-szeldelt-levelu-japan-juhar","status":"publish","type":"product","link":"https:\/\/szel-pasztorkerteszet.hu\/?product=acer-palmatum-dissectum-garnet-szeldelt-levelu-japan-juhar","title":{"rendered":"Acer palmatum &#8216;Dissectum Garnet&#8217;\/ Szeldelt level\u0171 jap\u00e1n juhar"},"content":{"rendered":"<p>Acer palmatum &#8216;Dissectum Garnet\u2019- Szeldelt level\u0171 jap\u00e1n juhar<\/p>\n<p>2-3 m magasra n\u00f6v\u0151, lass\u00fa n\u00f6veked\u00e9s\u0171, laza koron\u00e1j\u00fa d\u00edszfa. Levelei finoman szeldeltek, kihajt\u00e1skor v\u00f6r\u00f6sek, ny\u00e1ron fokozatosan z\u00f6ldesbord\u00f3ra v\u00e1ltanak majd \u0151sszel \u00e9l\u00e9nk v\u00f6r\u00f6s sz\u00edn\u0171ek. Napos, f\u00e9l\u00e1rny\u00e9kos helyre, agyagos, homokos talajba \u00fcltess\u00fck. V\u00edzig\u00e9nye nagy. \u00dcltethetj\u00fck szoliternek vagy nagyobb ed\u00e9nybe is.<\/p>\n<p>A term\u00e9ket 18L-es kont\u00e9nerben, 120 cm-es t\u00f6rzsre oltott v\u00e1ltozatban sz\u00e1ll\u00edtjuk!<\/p>\n<p>Kiz\u00e1r\u00f3lag kert\u00e9szeti \u00e1tv\u00e9tellel vagy saj\u00e1t aut\u00f3s kisz\u00e1ll\u00edt\u00e1ssal rendelhet\u0151!<\/p>\n","protected":false},"excerpt":{"rendered":"<p>Acer palmatum &#8216;Dissectum Garnet\u2019- Szeldelt level\u0171 jap\u00e1n juhar 2-3 m magasra n\u00f6v\u0151, lass\u00fa n\u00f6veked\u00e9s\u0171, laza koron\u00e1j\u00fa d\u00edszfa. Levelei finoman szeldeltek, kihajt\u00e1skor v\u00f6r\u00f6sek, ny\u00e1ron fokozatosan z\u00f6ldesbord\u00f3ra v\u00e1ltanak majd \u0151sszel \u00e9l\u00e9nk v\u00f6r\u00f6s sz\u00edn\u0171ek. Napos, f\u00e9l\u00e1rny\u00e9kos helyre, agyagos, homokos talajba \u00fcltess\u00fck. V\u00edzig\u00e9nye nagy. \u00dcltethetj\u00fck szoliternek vagy nagyobb ed\u00e9nybe is. A term\u00e9ket 18L-es kont\u00e9nerben, 120 cm-es t\u00f6rzsre oltott v\u00e1ltozatban [&hellip;]<\/p>\n","protected":false},"featured_media":8008,"comment_status":"open","ping_status":"closed","template":"","meta":{"_monsterinsights_skip_tracking":false,"_monsterinsights_sitenote_active":false,"_monsterinsights_sitenote_note":"","_monsterinsights_sitenote_category":0},"product_brand":[],"product_cat":[19,38],"product_tag":[703,57,634,311,913],"class_list":{"0":"post-8012","1":"product","2":"type-product","3":"status-publish","4":"has-post-thumbnail","6":"product_cat-arnyekkedvelo-novenyek","7":"product_cat-diszfak","8":"product_tag-acer","9":"product_tag-arnyek","10":"product_tag-japan-juhar","11":"product_tag-juhar","12":"product_tag-szeldelt-levelu","14":"first","15":"instock","16":"taxable","17":"shipping-taxable","18":"purchasable","19":"product-type-simple"},"aioseo_notices":[],"_links":{"self":[{"href":"https:\/\/szel-pasztorkerteszet.hu\/index.php?rest_route=\/wp\/v2\/product\/8012","targetHints":{"allow":["GET"]}}],"collection":[{"href":"https:\/\/szel-pasztorkerteszet.hu\/index.php?rest_route=\/wp\/v2\/product"}],"about":[{"href":"https:\/\/szel-pasztorkerteszet.hu\/index.php?rest_route=\/wp\/v2\/types\/product"}],"replies":[{"embeddable":true,"href":"https:\/\/szel-pasztorkerteszet.hu\/index.php?rest_route=%2Fwp%2Fv2%2Fcomments&post=8012"}],"wp:featuredmedia":[{"embeddable":true,"href":"https:\/\/szel-pasztorkerteszet.hu\/index.php?rest_route=\/wp\/v2\/media\/8008"}],"wp:attachment":[{"href":"https:\/\/szel-pasztorkerteszet.hu\/index.php?rest_route=%2Fwp%2Fv2%2Fmedia&parent=8012"}],"wp:term":[{"taxonomy":"product_brand","embeddable":true,"href":"https:\/\/szel-pasztorkerteszet.hu\/index.php?rest_route=%2Fwp%2Fv2%2Fproduct_brand&post=8012"},{"taxonomy":"product_cat","embeddable":true,"href":"https:\/\/szel-pasztorkerteszet.hu\/index.php?rest_route=%2Fwp%2Fv2%2Fproduct_cat&post=8012"},{"taxonomy":"product_tag","embeddable":true,"href":"https:\/\/szel-pasztorkerteszet.hu\/index.php?rest_route=%2Fwp%2Fv2%2Fproduct_tag&post=8012"}],"curies":[{"name":"wp","href":"https:\/\/api.w.org\/{rel}","templated":true}]}}